{"id":146,"date":"2018-07-26T23:02:04","date_gmt":"2018-07-26T21:02:04","guid":{"rendered":"https:\/\/www.logistik-telematik.de\/?page_id=146"},"modified":"2026-01-23T13:27:22","modified_gmt":"2026-01-23T12:27:22","slug":"datenschutzerklaerung","status":"publish","type":"page","link":"https:\/\/www.logistik-telematik.de\/de\/datenschutzerklaerung\/","title":{"rendered":"Datenschutzerkl\u00e4rung"},"content":{"rendered":"\n\n\t<p><strong>Datenschutzerkl\u00e4rung<\/strong><\/p>\n<p><strong>I Name und Anschrift des Verantwortlichen<\/strong><\/p>\n<p>Der Verantwortliche im Sinne der Datenschutz-Grundverordnung und anderer nationaler Datenschutzgesetze der Mitgliedsstaaten sowie sonstiger datenschutzrechtlicher Bestimmungen ist:<\/p>\nTIS Technische Informationssysteme GmbH<br \/>\nM\u00fcller-Armack-Str. 8<br \/>\n46397 Bocholt<br \/>\nTel: +49 2871 2722-0<br \/>\nE-Mail: kontakt@tis-gmbh.de\n<p>&nbsp;<\/p>\n<p><strong>II Name und Anschrift des Datenschutzbeauftragten<\/strong><\/p>\n<p>Der Datenschutzbeauftragte der Verantwortlichen ist:<\/p>\nAndr\u00e9 Korte<br \/>\nDSB M\u00fcnster GmbH<br \/>\nMartin-Luther-King-Weg 42-44<br \/>\n48155 M\u00fcnster<br \/>\nTel.: +49 251 7187-110<br \/>\ndatenschutz@tis-gmbh.de\n<p>&nbsp;<\/p>\n<p><strong>III Allgemeines zur Datenverarbeitung<\/strong><\/p>\n<ol>\n<li>Umfang der Verarbeitung personenbezogener Daten<\/li>\n<\/ol>\n<p>Wir verarbeiten personenbezogene Daten grunds\u00e4tzlich nur, soweit dies zur Bereitstellung einer funktionsf\u00e4higen Website sowie unserer Inhalte und Leistungen erforderlich ist. Die Verarbeitung personenbezogener Daten erfolgt nur nach Einwilligung des Nutzers oder in solchen F\u00e4llen, in denen eine vorherige Einholung einer Einwilligung aus tats\u00e4chlichen Gr\u00fcnden nicht m\u00f6glich ist und die Verarbeitung der Daten durch gesetzliche Vorschriften gestattet ist.<\/p>\n<p>&nbsp;<\/p>\n<ol start=\"2\">\n<li>Rechtsgrundlage f\u00fcr die Verarbeitung personenbezogener Daten<\/li>\n<\/ol>\n<p>Soweit wir f\u00fcr Verarbeitungsvorg\u00e4nge personenbezogener Daten eine Einwilligung der betroffenen Person einholen, dient Art. 6 Abs. 1 lit. a EU-Datenschutzgrundverordnung (DSGVO) als Rechtsgrundlage.<\/p>\n<p>Bei der Verarbeitung von personenbezogenen Daten, die zur Erf\u00fcllung eines Vertrages, dessen Vertragspartei die betroffene Person ist, erforderlich ist, dient Art. 6 Abs. 1 lit. b DSGVO als Rechtsgrundlage. Dies gilt auch f\u00fcr Verarbeitungsvorg\u00e4nge, die zur Durchf\u00fchrung vorvertraglicher Ma\u00dfnahmen erforderlich sind.<\/p>\n<p>Soweit eine Verarbeitung personenbezogener Daten zur Erf\u00fcllung einer rechtlichen Verpflichtung erforderlich ist, der unser Unternehmen unterliegt, dient Art. 6 Abs. 1 lit. c DSGVO als Rechtsgrundlage. Ist die Verarbeitung zur Wahrung eines berechtigten Interesses unseres Unternehmens oder eines Dritten erforderlich und \u00fcberwiegen die Interessen, Grundrechte und Grundfreiheiten des Betroffenen das erstgenannte Interesse nicht, so dient Art. 6 Abs. 1 lit. f DSGVO als Rechtsgrundlage f\u00fcr die Verarbeitung.<\/p>\n<p>&nbsp;<\/p>\n<ol start=\"3\">\n<li>Datenl\u00f6schung und Speicherdauer<\/li>\n<\/ol>\n<p>Die personenbezogenen Daten der betroffenen Person werden gel\u00f6scht oder gesperrt, sobald der Zweck der Speicherung entf\u00e4llt. Eine Speicherung kann dar\u00fcber hinaus erfolgen, wenn dies durch den europ\u00e4ischen oder nationalen Gesetzgeber in unionsrechtlichen Verordnungen, Gesetzen oder sonstigen Vorschriften, denen der Verantwortliche unterliegt, vorgesehen wurde. Eine Sperrung oder L\u00f6schung der Daten erfolgt auch dann, wenn eine durch die genannten Normen vorgeschriebene Speicherfrist abl\u00e4uft, es sei denn, dass eine Erforderlichkeit zur weiteren Speicherung der Daten f\u00fcr einen Vertragsabschluss oder eine Vertragserf\u00fcllung besteht.<\/p>\n<p>&nbsp;<\/p>\n<p><strong>IV Bereitstellung der Website und Erstellung von Logfiles<\/strong><\/p>\n<ol>\n<li>Beschreibung und Umfang der Datenverarbeitung<\/li>\n<\/ol>\n<p>Bei jedem Aufruf unserer Internetseite erfasst unser System automatisiert Daten und Informationen vom Computersystem des aufrufenden Rechners.<\/p>\n<p>&nbsp;<\/p>\n<p>Folgende Daten werden hierbei erhoben:<\/p>\n<p>&nbsp;<\/p>\n<p>1.1. Browsertyp und -version<\/p>\n<p>1.2. das verwendete Betriebssystem<\/p>\n<p>1.3. Internetservice-Provider des Nutzers<\/p>\n<p>1.4. die IP-Adresse<\/p>\n<p>1.5. Datum und Uhrzeit des Zugriffs<\/p>\n<p>1.6. Websites, von denen das System des Nutzers auf untere Internetseite gelangt<\/p>\n<p>1.7. Websites, die vom System des Nutzers \u00fcber unsere Webseite aufgerufen werden<\/p>\n<p>&nbsp;<\/p>\n<p>Die Daten werden ebenfalls in Logfiles unseres Systems gespeichert. Nicht hiervon betroffen sind die IP-Adressen des Nutzers oder andere Daten, die die Zuordnung der Daten zu einem Nutzer erm\u00f6glichen. Eine Speicherung dieser Daten zusammen mit anderen Daten des Nutzers findet nicht statt.<\/p>\n<p>&nbsp;<\/p>\n<ol start=\"2\">\n<li>Rechtsgrundlage f\u00fcr die Datenverarbeitung<\/li>\n<\/ol>\n<p>Rechtsgrundlage f\u00fcr die vor\u00fcbergehende Speicherung der Daten und der Logfiles ist Art. 6 Abs. 1 lit. f DSGVO.<\/p>\n<p>&nbsp;<\/p>\n<ol start=\"3\">\n<li>Zweck der Datenverarbeitung<\/li>\n<\/ol>\n<p>Die vor\u00fcbergehende Speicherung der IP-Adresse durch das System ist notwendig, um eine Auslieferung der Website an den Rechner des Nutzers zu erm\u00f6glichen. Hierf\u00fcr muss die IP-Adresse des Nutzers f\u00fcr die Dauer der Sitzung gespeichert bleiben.<\/p>\n<p>Die Speicherung in Logfiles erfolgt, um die Funktionsf\u00e4higkeit der Webseite sicherzustellen. Zudem dienen uns die Daten zur Optimierung der Webseite und zur Sicherstellung der Sicherheit unserer informationstechnischen Systeme. Eine Auswertung der Daten zu Marketingzwecken findet in diesem Zusammenhang nicht statt.<\/p>\n<p>In diesen Zwecken liegt auch unser berechtigtes Interesse an der Datenverarbeitung nach Art. 6 Abs. 1 lit. f DSGVO.<\/p>\n<p>&nbsp;<\/p>\n<ol start=\"4\">\n<li>Dauer der Speicherung<\/li>\n<\/ol>\n<p>Die Daten werden gel\u00f6scht, sobald sie f\u00fcr die Erreichung des Zweckes ihrer Erhebung nicht mehr erforderlich sind. Im Falle der Erfassung der Daten zur Bereitstellung der Website ist dies der Fall, wenn die jeweilige Sitzung beendet ist.<\/p>\n<p>Im Falle der Speicherung der Daten in Logfiles ist dies nach sp\u00e4testens sieben Tagen der Fall. Eine dar\u00fcberhinausgehende Speicherung ist m\u00f6glich. In diesem Fall werden die IP-Adressen der Nutzer gel\u00f6scht oder verfremdet, sodass eine Zuordnung des aufgerufenen Clients nicht mehr m\u00f6glich ist.<\/p>\n<p>&nbsp;<\/p>\n<ol start=\"5\">\n<li>Widerspruchs- und Beseitigungsm\u00f6glichkeit<\/li>\n<\/ol>\n<p>Die Erfassung der Daten zur Bereitstellung der Website und die Speicherung der Daten in Logfiles ist f\u00fcr den Betrieb der Internetseite zwingend erforderlich. Es besteht folglich seitens des Nutzers keine Widerspruchsm\u00f6glichkeit.<\/p>\n<p>&nbsp;<\/p>\n<p><strong>V Verwendung von Cookies<\/strong><\/p>\n<ol>\n<li>Beschreibung und Umfang der Datenverarbeitung<\/li>\n<\/ol>\n<p>Unsere Webseite verwendet Cookies. Bei Cookies handelt es sich um Textdateien, die im Internetbrowser bzw. vom Internetbrowser auf dem Computersystem des Nutzers gespeichert werden. Ruft ein Nutzer eine Website auf, so kann ein Cookie auf dem Betriebssystem des Nutzers gespeichert werden. Dieser Cookie enth\u00e4lt eine charakteristische Zeichenfolge, die eine eindeutige Identifizierung des Browsers beim erneuten Aufrufen der Website erm\u00f6glicht.<\/p>\n<p>Wir setzen Cookies ein, um unsere Webseite nutzerfreundlicher zu gestalten. Einige Elemente unserer Internetseite erfordern es, dass der aufrufende Browser auch nach einem Seitenwechsel identifiziert werden kann. Dies sind zum Beispiel die Zugangsdaten f\u00fcr geschlossene Bereiche unserer Internetseite, die ein Log-In erfordern.<\/p>\n<p>Wir verwenden auf unserer Seite dar\u00fcber hinaus Cookies, die eine Analyse des Surfverhaltens der Nutzer erm\u00f6glichen. Beim Aufruf unserer Seite wird der Nutzer \u00fcber die entsprechende Verwendung informiert und seine Einwilligung zur Verarbeitung der in diesem Zusammenhang verwendeten personenbezogenen Daten eingeholt. In diesem Zusammenhang erfolgt auch ein Hinweis auf diese Datenschutzerkl\u00e4rung.<\/p>\n<p>&nbsp;<\/p>\n<ol start=\"2\">\n<li>Rechtsgrundlage f\u00fcr die Datenverarbeitung<\/li>\n<\/ol>\n<p>Rechtsgrundlage f\u00fcr die Verarbeitung personenbezogener Daten ist Art. 6 Abs. 1 lit. c, Art. 6 Abs. 1 lit. a und Art. 6 Abs. 1 lit. f DSGVO.<\/p>\n<p>&nbsp;<\/p>\n<ol start=\"3\">\n<li>Zweck der Datenverarbeitung<\/li>\n<\/ol>\n<p>Der Zweck der Verwendung technisch notwendiger Cookies ist, die Nutzung von Webseiten f\u00fcr die Nutzer zu vereinfachen. Ohne Einsatz von Cookies k\u00f6nnen nicht alle Funktionen angeboten werden. Die durch technisch nicht notwendigen Cookies erhobenen Daten erfolgt zu dem Zweck, die Qualit\u00e4t unserer Webseite und Inhalte zu verbessern. Dadurch erfahren wir, wie die Webseite genutzt wird und k\u00f6nnen so unser Angebot stetig optimieren.<\/p>\n<p>In diesen Zwecken liegt auch unser berechtigtes Interesse in der Verarbeitung der personenbezogenen Daten nach Art. 6 Abs. 1 lit. f DSGVO.<\/p>\n<p>&nbsp;<\/p>\n<ol start=\"4\">\n<li>Dauer der Speicherung, Widerspruchs- und Beseitigungsm\u00f6glichkeit<\/li>\n<\/ol>\n<p>Cookies werden auf dem Rechner des Nutzers gespeichert und von diesem an unsere Seite \u00fcbermittelt. Daher haben Nutzer auch die volle Kontrolle \u00fcber die Verwendung von Cookies. Durch eine \u00c4nderung der Einstellungen im Internetbrowser k\u00f6nnen Nutzer die \u00dcbertragung von Cookies deaktivieren oder einschr\u00e4nken. Bereits gespeicherte Cookies k\u00f6nnen jederzeit gel\u00f6scht werden. Dies kann auch automatisiert erfolgen. Werden Cookies f\u00fcr unsere Website deaktiviert, k\u00f6nnen m\u00f6glicherweise nicht mehr alle Funktionen der Website vollumf\u00e4nglich genutzt werden.<\/p>\n<p>Die \u00dcbermittlung von Flash-Cookies l\u00e4sst sich nicht \u00fcber die Einstellungen des Browsers, allerdings durch \u00c4nderung der Einstellung des Flash-Players unterbinden.<\/p>\n<p>&nbsp;<\/p>\n<p><strong>VI Kontaktformular und E-Mail-Kontakt<\/strong><\/p>\n<ol>\n<li>Beschreibung und Umfang der Datenverarbeitung<\/li>\n<\/ol>\n<p>Wenn auf unserer Internetseite Kontaktformulare vorhanden sind, welche f\u00fcr die elektronische Kontaktaufnahme genutzt werden k\u00f6nnen und ein Nutzer diese M\u00f6glichkeit wahrnimmt, so werden die in der Eingabemaske eingegeben Daten an uns \u00fcbermittelt und gespeichert. Diese Daten sind je nach ausgew\u00e4hltem Formular in der Regel:<\/p>\n<p>&nbsp;<\/p>\n<p>1.1. Name<\/p>\n<p>1.2. Vorname<\/p>\n<p>1.3. Telefon<\/p>\n<p>1.4. E-Mail-Adresse<\/p>\n<p>&nbsp;<\/p>\n<p>Im Zeitpunkt der Absendung der Nachricht werden zudem folgende Daten gespeichert:<\/p>\n<p>&nbsp;<\/p>\n<p>1.5. IP-Adresse des Nutzers<\/p>\n<p>1.6. Datum und Uhrzeit der Registrierung<\/p>\n<p>&nbsp;<\/p>\n<p>F\u00fcr die Verarbeitung wird im Rahmen des Anmeldevorgangs die Einwilligung des Nutzers eingeholt und dabei auf diese Datenschutzerkl\u00e4rung verwiesen, die unten auch den konkreten Einwilligungstext enth\u00e4lt.<\/p>\n<p>Alternativ ist eine Kontaktaufnahme \u00fcber die bereitgestellte E-Mail-Adresse m\u00f6glich. In diesem Fall werden die mit der E-Mail \u00fcbermittelten personenbezogenen Daten des Nutzers gespeichert.<\/p>\n<p>Es erfolgt in diesem Zusammenhang keine Weitergabe der Daten an Dritte. Die Daten werden ausschlie\u00dflich f\u00fcr die Verarbeitung der Konversation verwendet.<\/p>\n<p>&nbsp;<\/p>\n<ol start=\"2\">\n<li>Rechtsgrundlage f\u00fcr die Datenverarbeitung<\/li>\n<\/ol>\n<p>Rechtsgrundlage f\u00fcr die Verarbeitung der Daten ist bei Vorliegen einer Einwilligung des Nutzers Art. 6 Abs. 1 lit. a DSGVO.<\/p>\n<p>Rechtsgrundlage f\u00fcr die Verarbeitung der Daten, die im Zuge einer \u00dcbersendung einer E-Mail \u00fcbermittelt werden, ist Art. 6 Abs. 1 lit. f DSGVO. Zielt der E-Mail-Kontakt auf den Abschluss eines Vertrages ab, so ist zus\u00e4tzliche Rechtsgrundlage f\u00fcr die Verarbeitung Art. 6 Abs. 1 lit. b DSGVO.<\/p>\n<p>&nbsp;<\/p>\n<ol start=\"3\">\n<li>Zweck der Datenverarbeitung<\/li>\n<\/ol>\n<p>Die Verarbeitung der personenbezogenen Daten aus der Eingabemaske dient uns allein zur Bearbeitung der Kontaktaufnahme. Im Falle einer Kontaktaufnahme per E-Mail liegt hieran auch das erforderliche berechtigte Interesse an der Verarbeitung der Daten.<\/p>\n<p>Die sonstigen w\u00e4hrend des Absendevorgangs verarbeiteten personenbezogenen Daten dienen dazu, einen Missbrauch des Kontaktformulars zu verhindern und die Sicherheit unserer informationstechnischen Systeme sicherzustellen.<\/p>\n<p>&nbsp;<\/p>\n<ol start=\"4\">\n<li>Dauer der Speicherung<\/li>\n<\/ol>\n<p>Die Daten werden gel\u00f6scht, sobald sie f\u00fcr die Erreichung des Zweckes ihrer Erhebung nicht mehr erforderlich sind. F\u00fcr die personenbezogenen Daten aus der Eingabemaske des Kontaktformulars und diejenigen, die per E-Mail \u00fcbersandt wurden, ist dies dann der Fall, wenn die jeweilige Konversation mit dem Nutzer beendet ist. Beendet ist die Konversation dann, wenn sich aus den Umst\u00e4nden entnehmen l\u00e4sst, dass der betroffene Sachverhalt abschlie\u00dfend gekl\u00e4rt ist.<\/p>\n<p>Die w\u00e4hrend des Absendevorgangs zus\u00e4tzlich erhobenen personenbezogenen Daten werden sp\u00e4testens nach einer Frist von sieben Tagen gel\u00f6scht.<\/p>\n<p>&nbsp;<\/p>\n<ol start=\"5\">\n<li>Widerspruchs- und Beseitigungsm\u00f6glichkeit<\/li>\n<\/ol>\n<p>Der Nutzer hat jederzeit die M\u00f6glichkeit, seine Einwilligung zur Verarbeitung der personenbezogenen Daten zu widerrufen. Nimmt der Nutzer per E-Mail Kontakt mit uns auf, so kann er der Speicherung seiner personenbezogenen Daten jederzeit widersprechen. In einem solchen Fall kann die Konversation nicht fortgef\u00fchrt werden.<\/p>\n<p>Der Widerruf der Einwilligung und der Widerspruch der Speicherung ist m\u00fcndlich, schriftlich oder per Mail m\u00f6glich.<\/p>\n<p>Alle personenbezogenen Daten, die im Zuge der Kontaktaufnahme gespeichert wurden, werden in diesem Fall gel\u00f6scht.<\/p>\n<p>&nbsp;<\/p>\n<p><strong>VII Google Fonts<\/strong><\/p>\n<p>Wir nutzen auf unserer Website Google Fonts.<\/p>\n<p>&nbsp;<\/p>\n<ol>\n<li>Betroffenenkategorie<\/li>\n<\/ol>\n<p>Webseitenbesucher<\/p>\n<p>&nbsp;<\/p>\n<ol start=\"2\">\n<li>Datenkategorie<\/li>\n<\/ol>\n<p>Verbindungsdaten (z.B. Ger\u00e4teinformationen, IP-Adressen, URL-Referrer, Online-Kennzeichnungen inkl. Cookie-Kennungen)<\/p>\n<p>&nbsp;<\/p>\n<ol start=\"3\">\n<li>Zweck der Datenverarbeitung<\/li>\n<\/ol>\n<p>Die Nutzung von Google Web Fonts erfolgt im Interesse einer einheitlichen und ansprechenden Darstellung unserer Online-Angebote.<\/p>\n<p>&nbsp;<\/p>\n<ol start=\"4\">\n<li>Rechtsgrundlage<\/li>\n<\/ol>\n<p>Rechtsgrundlage f\u00fcr die Verarbeitung personenbezogener Daten ist Art. 6 Abs. 1 lit. a DSGVO.<\/p>\n<p>&nbsp;<\/p>\n<ol start=\"5\">\n<li>Datenl\u00f6schung und Speicherdauer<\/li>\n<\/ol>\n<p>Die Daten werden gel\u00f6scht, sobald sie f\u00fcr die Erreichung des Zweckes ihrer Erhebung nicht mehr erforderlich sind oder, im Falle der Einwilligung bei Widerruf der Einwilligung.<\/p>\n<p>&nbsp;<\/p>\n<ol start=\"6\">\n<li>Empf\u00e4nger von Daten<\/li>\n<\/ol>\n<p>Google Fonts ist ein Dienst der Google Ireland Limited (&#8222;Google&#8220;), Gordan House, Barrow Street Dublin 4, Irland. Mit diesem IT-Dienstleister haben wir einen Auftragsverarbeitungsvertrag geschlossen.<\/p>\n<p>&nbsp;<\/p>\n<ol start=\"7\">\n<li>Beabsichtigte Drittland\u00fcbermittlung<\/li>\n<\/ol>\n<p>Es kann nicht ausgeschlossen werden, dass die Informationen an einen Server in ein Drittland \u00fcbermittelt. Im Falle einer entsprechenden \u00dcbermittlung wird diese auf Standarddatenschutzklauseln und Angemessenheitsbeschl\u00fcsse gest\u00fctzt.<\/p>\n<p>&nbsp;<\/p>\n<ol start=\"8\">\n<li>Widerspruchs- und Beseitigungsm\u00f6glichkeit<\/li>\n<\/ol>\n<p>Die Einwilligung kann jederzeit widerrufen werden.<\/p>\n<p>&nbsp;<\/p>\n<p><strong>VIII Google reCAPTCHA<\/strong><\/p>\n<p>Wir nutzen auf unserer Website Google reCAPTCHA.<\/p>\n<p>&nbsp;<\/p>\n<ol>\n<li>Betroffenenkategorie<\/li>\n<\/ol>\n<p>Webseitenbesucher<\/p>\n<p>&nbsp;<\/p>\n<ol start=\"2\">\n<li>Datenkategorie<\/li>\n<\/ol>\n<p>Nutzungsdaten (z.B. Verlauf auf unserer Website, Nutzung bestimmter Inhalte, Zugriffszeiten, Kontakt- oder Bestellhistorie)<\/p>\n<p>Verbindungsdaten (z.B. Ger\u00e4teinformationen, IP-Adressen, URL-Referrer, Online-Kennzeichnungen inkl. Cookie-Kennungen)<\/p>\n<p>&nbsp;<\/p>\n<ol start=\"3\">\n<li>Zweck der Datenverarbeitung<\/li>\n<\/ol>\n<p>Verhinderung der missbr\u00e4uchlichen Nutzung unserer Website durch die \u00dcberpr\u00fcfung, ob Zugriffe durch Menschen und nicht durch Bots oder \u00e4hnliche Programme erfolgen. Gew\u00e4hrleistung der Sicherheit unserer Website und unserer informationstechnischen Systeme.<\/p>\n<p>&nbsp;<\/p>\n<ol start=\"4\">\n<li>Rechtsgrundlage<\/li>\n<\/ol>\n<p>Rechtsgrundlage f\u00fcr die Verarbeitung personenbezogener Daten ist Art. 6 Abs. 1 lit. a DSGVO.<\/p>\n<p>&nbsp;<\/p>\n<ol start=\"5\">\n<li>Datenl\u00f6schung und Speicherdauer<\/li>\n<\/ol>\n<p>Die Daten werden gel\u00f6scht, sobald sie f\u00fcr die Erreichung des Zweckes ihrer Erhebung nicht mehr erforderlich sind oder, im Falle der Einwilligung bei Widerruf der Einwilligung.<\/p>\n<p>&nbsp;<\/p>\n<ol start=\"6\">\n<li>Empf\u00e4nger von Daten<\/li>\n<\/ol>\n<p>Google reCAPTCHA ist ein Dienst der Google Ireland Limited (&#8222;Google&#8220;), Gordan House, Barrow Street Dublin 4, Irland. Mit diesem IT-Dienstleister haben wir einen Auftragsverarbeitungsvertrag geschlossen.<\/p>\n<p>&nbsp;<\/p>\n<ol start=\"7\">\n<li>Beabsichtigte Drittland\u00fcbermittlung<\/li>\n<\/ol>\n<p>Es kann nicht ausgeschlossen werden, dass die Informationen an einen Server in ein Drittland \u00fcbermittelt. Im Falle einer entsprechenden \u00dcbermittlung wird diese auf Standarddatenschutzklauseln und Angemessenheitsbeschl\u00fcsse gest\u00fctzt.<\/p>\n<p>&nbsp;<\/p>\n<ol start=\"8\">\n<li>Widerspruchs- und Beseitigungsm\u00f6glichkeit<\/li>\n<\/ol>\n<p>Die Einwilligung kann jederzeit widerrufen werden.<\/p>\n<p>&nbsp;<\/p>\n<p><strong>IX Betreiben einer Facebook-Page<\/strong><\/p>\n<p>Wir betreiben auf der Plattform Facebook eine Seite zu unserem Unternehmen.<\/p>\n<p>&nbsp;<\/p>\n<ol>\n<li>Betroffenenkategorie<\/li>\n<\/ol>\n<p>Webseitenbesucher<\/p>\n<p>&nbsp;<\/p>\n<ol start=\"2\">\n<li>Datenkategorie<\/li>\n<\/ol>\n<p>Stammdaten (z.B. Namen, Anschrift, Geburtsdaten)<\/p>\n<p>Kontaktdaten (z.B. E-Mail-Adressen, Telefonnummer, Messengerdienste)<\/p>\n<p>Inhaltsdaten (z.B. Texteingaben, Fotografien, Videos, Inhalte von Dokumenten\/Dateien)<\/p>\n<p>Nutzungsdaten (z.B. Verlauf auf unserer Website, Nutzung bestimmter Inhalte, Zugriffszeiten, Kontakt- oder Bestellhistorie)<\/p>\n<p>Verbindungsdaten (z.B. Ger\u00e4teinformationen, IP-Adressen, URL-Referrer, Online-Kennzeichnungen inkl. Cookie-Kennungen)<\/p>\n<p>Standortdaten (z.B. GPS-Daten, IP-Geolokalisierung, Zugriffspunkte)<\/p>\n<p>&nbsp;<\/p>\n<ol start=\"3\">\n<li>Zweck der Datenverarbeitung<\/li>\n<\/ol>\n<p>Mit dem Betreiben der Seite verfolgen wir den Zweck, unser Unternehmen darzustellen, \u00fcber Angebote und Veranstaltungen zu informieren und mit Partner und Interessenten zu kommunizieren.<\/p>\n<p>&nbsp;<\/p>\n<ol start=\"4\">\n<li>Rechtsgrundlage<\/li>\n<\/ol>\n<p>Rechtsgrundlage f\u00fcr die Verarbeitung personenbezogener Daten ist Art. 6 Abs. 1 lit. a DSGVO.<\/p>\n<p>&nbsp;<\/p>\n<ol start=\"5\">\n<li>Datenl\u00f6schung und Speicherdauer<\/li>\n<\/ol>\n<p>Die Daten werden gel\u00f6scht, sobald sie f\u00fcr die Erreichung des Zweckes ihrer Erhebung nicht mehr erforderlich sind oder, im Falle der Einwilligung bei Widerruf der Einwilligung.<\/p>\n<p>&nbsp;<\/p>\n<ol start=\"6\">\n<li>Empf\u00e4nger von Daten<\/li>\n<\/ol>\n<p>Facebook ist ein Dienst der Meta Platforms Ireland Limited, 4 Grand Canal Square, Grand Canal Harbour, Dublin 2, Irland. Mit diesem IT-Dienstleister haben wir einen Auftragsverarbeitungsvertrag geschlossen.<\/p>\n<p>&nbsp;<\/p>\n<ol start=\"7\">\n<li>Beabsichtigte Drittland\u00fcbermittlung<\/li>\n<\/ol>\n<p>Es kann nicht ausgeschlossen werden, dass die Informationen an einen Server in ein Drittland \u00fcbermittelt. Im Falle einer entsprechenden \u00dcbermittlung wird diese auf Standarddatenschutzklauseln und Angemessenheitsbeschl\u00fcsse gest\u00fctzt.<\/p>\n<p>&nbsp;<\/p>\n<ol start=\"8\">\n<li>Widerspruchs- und Beseitigungsm\u00f6glichkeit<\/li>\n<\/ol>\n<p>Die Einwilligung kann jederzeit widerrufen werden.<\/p>\n<p>&nbsp;<\/p>\n<p><strong>X Betreiben einer LinkedIN-Page<\/strong><\/p>\n<p>Wir betreiben auf der Plattform LinkedIN eine Seite zu unserem Unternehmen.<\/p>\n<p>&nbsp;<\/p>\n<ol>\n<li>Betroffenenkategorie<\/li>\n<\/ol>\n<p>Webseitenbesucher<\/p>\n<p>&nbsp;<\/p>\n<ol start=\"2\">\n<li>Datenkategorie<\/li>\n<\/ol>\n<p>Stammdaten (z.B. Namen, Anschrift, Geburtsdaten)<\/p>\n<p>Kontaktdaten (z.B. E-Mail-Adressen, Telefonnummer, Messengerdienste)<\/p>\n<p>Inhaltsdaten (z.B. Texteingaben, Fotografien, Videos, Inhalte von Dokumenten\/Dateien)<\/p>\n<p>Nutzungsdaten (z.B. Verlauf auf unserer Website, Nutzung bestimmter Inhalte, Zugriffszeiten, Kontakt- oder Bestellhistorie)<\/p>\n<p>Verbindungsdaten (z.B. Ger\u00e4teinformationen, IP-Adressen, URL-Referrer, Online-Kennzeichnungen inkl. Cookie-Kennungen)<\/p>\n<p>Standortdaten (z.B. GPS-Daten, IP-Geolokalisierung, Zugriffspunkte)<\/p>\n<p>&nbsp;<\/p>\n<ol start=\"3\">\n<li>Zweck der Datenverarbeitung<\/li>\n<\/ol>\n<p>Mit dem Betreiben der Seite verfolgen wir den Zweck, unser Unternehmen darzustellen, \u00fcber Angebote und Veranstaltungen zu informieren und mit Partner und Interessenten zu kommunizieren.<\/p>\n<p>&nbsp;<\/p>\n<ol start=\"4\">\n<li>Rechtsgrundlage<\/li>\n<\/ol>\n<p>Rechtsgrundlage f\u00fcr die Verarbeitung personenbezogener Daten ist Art. 6 Abs. 1 lit. a DSGVO.<\/p>\n<p>&nbsp;<\/p>\n<ol start=\"5\">\n<li>Datenl\u00f6schung und Speicherdauer<\/li>\n<\/ol>\n<p>Die Daten werden gel\u00f6scht, sobald sie f\u00fcr die Erreichung des Zweckes ihrer Erhebung nicht mehr erforderlich sind oder, im Falle der Einwilligung bei Widerruf der Einwilligung.<\/p>\n<p>&nbsp;<\/p>\n<ol start=\"6\">\n<li>Empf\u00e4nger von Daten<\/li>\n<\/ol>\n<p>LinkedIN ist ein Dienst der LinkedIn Ireland Unlimited Company, Wilton Place, Dublin 2, Irland. \u00a0Mit diesem IT-Dienstleister haben wir einen Auftragsverarbeitungsvertrag geschlossen.<\/p>\n<p>&nbsp;<\/p>\n<ol start=\"7\">\n<li>Beabsichtigte Drittland\u00fcbermittlung<\/li>\n<\/ol>\n<p>Es kann nicht ausgeschlossen werden, dass die Informationen an einen Server in ein Drittland \u00fcbermittelt. Im Falle einer entsprechenden \u00dcbermittlung wird diese auf Standarddatenschutzklauseln und Angemessenheitsbeschl\u00fcsse gest\u00fctzt.<\/p>\n<p>&nbsp;<\/p>\n<ol start=\"8\">\n<li>Widerspruchs- und Beseitigungsm\u00f6glichkeit<\/li>\n<\/ol>\n<p>Die Einwilligung kann jederzeit widerrufen werden.<\/p>\n<p>&nbsp;<\/p>\n<p><strong>XI Betreiben einer YouTube Page<\/strong><\/p>\n<p>Wir betreiben auf der Plattform Youtube eine Seite zu unserem Unternehmen.<\/p>\n<p>&nbsp;<\/p>\n<ol>\n<li>Betroffenenkategorie<\/li>\n<\/ol>\n<p>Webseitenbesucher<\/p>\n<p>&nbsp;<\/p>\n<ol start=\"2\">\n<li>Datenkategorie<\/li>\n<\/ol>\n<p>Stammdaten (z.B. Namen, Anschrift, Geburtsdaten)<\/p>\n<p>Kontaktdaten (z.B. E-Mail-Adressen, Telefonnummer, Messengerdienste)<\/p>\n<p>Inhaltsdaten (z.B. Texteingaben, Fotografien, Videos, Inhalte von Dokumenten\/Dateien)<\/p>\n<p>Nutzungsdaten (z.B. Verlauf auf unserer Website, Nutzung bestimmter Inhalte, Zugriffszeiten, Kontakt- oder Bestellhistorie)<\/p>\n<p>Verbindungsdaten (z.B. Ger\u00e4teinformationen, IP-Adressen, URL-Referrer, Online-Kennzeichnungen inkl. Cookie-Kennungen)<\/p>\n<p>Standortdaten (z.B. GPS-Daten, IP-Geolokalisierung, Zugriffspunkte)<\/p>\n<p>&nbsp;<\/p>\n<ol start=\"3\">\n<li>Zweck der Datenverarbeitung<\/li>\n<\/ol>\n<p>Mit dem Betreiben der Seite verfolgen wir den Zweck, unser Unternehmen darzustellen, \u00fcber Angebote und Veranstaltungen zu informieren und mit Partner und Interessenten zu kommunizieren.<\/p>\n<p>&nbsp;<\/p>\n<ol start=\"4\">\n<li>Rechtsgrundlage<\/li>\n<\/ol>\n<p>Rechtsgrundlage f\u00fcr die Verarbeitung personenbezogener Daten ist Art. 6 Abs. 1 lit. a DSGVO.<\/p>\n<p>&nbsp;<\/p>\n<ol start=\"5\">\n<li>Datenl\u00f6schung und Speicherdauer<\/li>\n<\/ol>\n<p>Die Daten werden gel\u00f6scht, sobald sie f\u00fcr die Erreichung des Zweckes ihrer Erhebung nicht mehr erforderlich sind oder, im Falle der Einwilligung bei Widerruf der Einwilligung.<\/p>\n<p>&nbsp;<\/p>\n<ol start=\"6\">\n<li>Empf\u00e4nger von Daten<\/li>\n<\/ol>\n<p>Youtube ist ein Dienst der Google Ireland Limited (&#8222;Google&#8220;), Gordan House, Barrow Street Dublin 4, Irland. Mit diesem IT-Dienstleister haben wir einen Auftragsverarbeitungsvertrag geschlossen.<\/p>\n<p>&nbsp;<\/p>\n<ol start=\"7\">\n<li>Beabsichtigte Drittland\u00fcbermittlung<\/li>\n<\/ol>\n<p>Es kann nicht ausgeschlossen werden, dass die Informationen an einen Server in ein Drittland \u00fcbermittelt. Im Falle einer entsprechenden \u00dcbermittlung wird diese auf Standarddatenschutzklauseln und Angemessenheitsbeschl\u00fcsse gest\u00fctzt.<\/p>\n<p>&nbsp;<\/p>\n<ol start=\"8\">\n<li>Widerspruchs- und Beseitigungsm\u00f6glichkeit<\/li>\n<\/ol>\n<p>Die Einwilligung kann jederzeit widerrufen werden.<\/p>\n<p>&nbsp;<\/p>\n<p><strong>XII Rechte der betroffenen Personen<\/strong><\/p>\n<p>Werden personenbezogene Daten von Nutzern verarbeitet, sind sie Betroffener i.S.d. DSGVO und es stehen ihnen folgende Rechte gegen\u00fcber dem Verantwortlichen zu, wobei die nachfolgende Auflistung all ihre Rechte umfasst, nicht nur die Rechte, die bei der Nutzung unserer Dienste entstehen:<\/p>\n<p>&nbsp;<\/p>\n<ol>\n<li>Auskunftsrecht<\/li>\n<\/ol>\n<p>Nutzer k\u00f6nnen von den Verantwortlichen eine Best\u00e4tigung dar\u00fcber verlangen, ob personenbezogene Daten, die sie betreffen, von uns verarbeitet werden.<\/p>\n<p>Liegt eine solche Verarbeitung vor, k\u00f6nnen Nutzer von dem Verantwortlichen \u00fcber folgende Informationen Auskunft verlangen:<\/p>\n<p>&nbsp;<\/p>\n<p>1.1. die Zwecke, zu denen die personenbezogenen Daten verarbeitet werden;<\/p>\n<p>1.2. die Kategorien von personenbezogenen Daten, welche verarbeitet werden;<\/p>\n<p>1.3. die Empf\u00e4nger bzw. die Kategorien von Empf\u00e4ngern, gegen\u00fcber denen die sie betreffenden personenbezogenen Daten offengelegt wurden oder noch offengelegt werden;<\/p>\n<p>1.4. die geplante Dauer der Speicherung der sie betreffenden personenbezogenen Daten oder, falls konkrete Angaben hierzu nicht m\u00f6glich sind, Kriterien f\u00fcr die Festlegung der Speicherdauer;<\/p>\n<p>1.5. das Bestehen eines Rechts auf Berichtigung oder L\u00f6schung der sie betreffenden personenbezogenen Daten, eines Rechts auf Einschr\u00e4nkung der Verarbeitung durch den Verantwortlichen oder eines Widerspruchsrechts gegen diese Verarbeitung;<\/p>\n<p>1.6. das Bestehen eines Beschwerderechts bei einer Aufsichtsbeh\u00f6rde;<\/p>\n<p>1.7. alle verf\u00fcgbaren Informationen \u00fcber die Herkunft der Daten, wenn die personenbezogenen Daten nicht bei der betroffenen Person erhoben werden;<\/p>\n<p>1.8. das Bestehen einer automatisierten Entscheidungsfindung einschlie\u00dflich Profiling gem\u00e4\u00df Art. 22 Abs. 1 und 4 DSGVO und &#8211; zumindest in diesen F\u00e4llen &#8211; aussagekr\u00e4ftige Informationen \u00fcber die involvierte Logik sowie die Tragweite und die angestrebten Auswirkungen einer derartigen Verarbeitung f\u00fcr die betroffene Person.<\/p>\n<p>&nbsp;<\/p>\n<p>Nutzern steht das Recht zu, Auskunft dar\u00fcber zu verlangen, ob die sie betreffenden personenbezogenen Daten in ein Drittland oder an eine internationale Organisation \u00fcbermittelt werden. In diesem Zusammenhang k\u00f6nnen sie verlangen, \u00fcber die geeigneten Garantien gem. Art. 46 DSGVO im Zusammenhang mit der \u00dcbermittlung unterrichtet zu werden.<\/p>\n<p>&nbsp;<\/p>\n<ol start=\"2\">\n<li>Recht auf Berichtigung<\/li>\n<\/ol>\n<p>Nutzer haben ein Recht auf Berichtigung und\/oder Vervollst\u00e4ndigung gegen\u00fcber den Verantwortlichen, sofern die verarbeiteten personenbezogenen Daten, die sie betreffen, unrichtig oder unvollst\u00e4ndig sind. Der Verantwortliche hat die Berichtigung unverz\u00fcglich vorzunehmen.<\/p>\n<p>&nbsp;<\/p>\n<ol start=\"3\">\n<li>Recht auf Einschr\u00e4nkung der Verarbeitung<\/li>\n<\/ol>\n<p>Unter den folgenden Voraussetzungen k\u00f6nnen Nutzer die Einschr\u00e4nkung der Verarbeitung der sie betreffenden personenbezogenen Daten verlangen:<\/p>\n<p>&nbsp;<\/p>\n<p>3.1. wenn Nutzer die Richtigkeit der sie betreffenden personenbezogenen f\u00fcr eine Dauer bestreiten, die es dem Verantwortlichen erm\u00f6glicht, die Richtigkeit der personenbezogenen Daten zu \u00fcberpr\u00fcfen;<\/p>\n<p>3.2. die Verarbeitung unrechtm\u00e4\u00dfig ist und Nutzer die L\u00f6schung der personenbezogenen Daten ablehnen und stattdessen die Einschr\u00e4nkung der Nutzung der personenbezogenen Daten verlangen;<\/p>\n<p>3.3. der Verantwortliche die personenbezogenen Daten f\u00fcr die Zwecke der Verarbeitung nicht l\u00e4nger ben\u00f6tigt, Nutzer diese jedoch zur Geltendmachung, Aus\u00fcbung oder Verteidigung von Rechtsanspr\u00fcchen ben\u00f6tigen, oder<\/p>\n<p>3.4. wenn Nutzer Widerspruch gegen die Verarbeitung gem\u00e4\u00df Art. 21 Abs. 1 DSGVO eingelegt haben und noch nicht feststeht, ob die berechtigten Gr\u00fcnde des Verantwortlichen gegen\u00fcber ihren Gr\u00fcnden \u00fcberwiegen.<\/p>\n<p>&nbsp;<\/p>\n<p>Wurde die Verarbeitung der Nutzer betreffenden personenbezogenen Daten eingeschr\u00e4nkt, d\u00fcrfen diese Daten &#8211; von ihrer Speicherung abgesehen &#8211; nur mit ihrer Einwilligung oder zur Geltendmachung, Aus\u00fcbung oder Verteidigung von Rechtsanspr\u00fcchen oder zum Schutz der Rechte einer anderen nat\u00fcrlichen oder juristischen Person oder aus Gr\u00fcnden eines wichtigen \u00f6ffentlichen Interesses der Union oder eines Mitgliedstaats verarbeitet werden.<\/p>\n<p>Wurde die Einschr\u00e4nkung der Verarbeitung nach den o.g. Voraussetzungen eingeschr\u00e4nkt, werden Nutzer von dem Verantwortlichen unterrichtet bevor die Einschr\u00e4nkung aufgehoben wird.<\/p>\n<p>&nbsp;<\/p>\n<ol start=\"4\">\n<li>Recht auf L\u00f6schung<\/li>\n<\/ol>\n<p>&nbsp;<\/p>\n<p>4.1. L\u00f6schungspflicht<\/p>\n<p>Nutzer k\u00f6nnen von dem Verantwortlichen verlangen, dass die sie betreffenden personenbezogenen Daten unverz\u00fcglich gel\u00f6scht werden, und der Verantwortliche ist verpflichtet, diese Daten unverz\u00fcglich zu l\u00f6schen, sofern einer der folgenden Gr\u00fcnde zutrifft:<\/p>\n<p>&nbsp;<\/p>\n<p>4.1.1. Die Nutzer betreffenden personenbezogenen Daten sind f\u00fcr die Zwecke, f\u00fcr die sie erhoben oder auf sonstige Weise verarbeitet wurden, nicht mehr notwendig.<\/p>\n<p>4.1.2. Nutzer widerrufen ihre Einwilligung, auf die sich die Verarbeitung gem. Art. 6 Abs. 1 lit. a oder Art. 9 Abs. 2 lit. a DSGVO st\u00fctzte, und es fehlt an einer anderweitigen Rechtsgrundlage f\u00fcr die Verarbeitung.<\/p>\n<p>4.1.3. Nutzer legen gem. Art. 21 Abs. 1 DSGVO Widerspruch gegen die Verarbeitung ein und es liegen keine vorrangigen berechtigten Gr\u00fcnde f\u00fcr die Verarbeitung vor, oder sie legen gem. Art. 21 Abs. 2 DSGVO Widerspruch gegen die Verarbeitung ein.<\/p>\n<p>4.1.4. Die Nutzer betreffenden personenbezogenen Daten wurden unrechtm\u00e4\u00dfig verarbeitet.<\/p>\n<p>4.1.5. Die L\u00f6schung der Nutzer betreffenden personenbezogenen Daten ist zur Erf\u00fcllung einer rechtlichen Verpflichtung nach dem Unionsrecht oder dem Recht der Mitgliedstaaten erforderlich, dem der Verantwortliche unterliegt.<\/p>\n<p>4.1.6. Die Nutzer betreffenden personenbezogenen Daten wurden in Bezug auf angebotene Dienste der Informationsgesellschaft gem\u00e4\u00df Art. 8 Abs. 1 DSGVO erhoben.<\/p>\n<p>&nbsp;<\/p>\n<p>4.2. Informationen an Dritte<\/p>\n<p>Hat der Verantwortliche die Nutzer betreffenden personenbezogenen Daten \u00f6ffentlich gemacht und ist er gem. Art. 17 Abs. 1 DSGVO zu deren L\u00f6schung verpflichtet, so trifft er unter Ber\u00fccksichtigung der verf\u00fcgbaren Technologie und der Implementierungskosten angemessene Ma\u00dfnahmen, auch technischer Art, um f\u00fcr die Datenverarbeitung Verantwortliche, die die personenbezogenen Daten verarbeiten, dar\u00fcber zu informieren, dass Sie als betroffene Person von ihnen die L\u00f6schung aller Links zu diesen personenbezogenen Daten oder von Kopien oder Replikationen dieser personenbezogenen Daten verlangt haben.<\/p>\n<p>&nbsp;<\/p>\n<p>4.3. Ausnahmen<\/p>\n<p>Das Recht auf L\u00f6schung besteht nicht, soweit die Verarbeitung erforderlich ist<\/p>\n<p>&nbsp;<\/p>\n<p>4.3.1. zur Aus\u00fcbung des Rechts auf freie Meinungs\u00e4u\u00dferung und Information;<\/p>\n<p>4.3.2. zur Erf\u00fcllung einer rechtlichen Verpflichtung, die die Verarbeitung nach dem Recht der Union oder der Mitgliedstaaten, dem der Verantwortliche unterliegt, erfordert, oder zur Wahrnehmung einer Aufgabe, die im \u00f6ffentlichen Interesse liegt oder in Aus\u00fcbung \u00f6ffentlicher Gewalt erfolgt, die dem Verantwortlichen \u00fcbertragen wurde;<\/p>\n<p>4.3.3. aus Gr\u00fcnden des \u00f6ffentlichen Interesses im Bereich der \u00f6ffentlichen Gesundheit gem\u00e4\u00df Art.\u00a09 Abs. 2 lit. h und i sowie Art. 9 Abs. 3 DSGVO;<\/p>\n<p>4.3.4. f\u00fcr im \u00f6ffentlichen Interesse liegende Archivzwecke, wissenschaftliche oder historische Forschungszwecke oder f\u00fcr statistische Zwecke gem. Art. 89 Abs. 1 DSGVO, soweit das unter Abschnitt a) genannte Recht voraussichtlich die Verwirklichung der Ziele dieser Verarbeitung unm\u00f6glich macht oder ernsthaft beeintr\u00e4chtigt, oder<\/p>\n<p>4.3.5. zur Geltendmachung, Aus\u00fcbung oder Verteidigung von Rechtsanspr\u00fcchen.<\/p>\n<p>&nbsp;<\/p>\n<ol start=\"5\">\n<li>Recht auf Unterrichtung<\/li>\n<\/ol>\n<p>Haben Nutzer das Recht auf Berichtigung, L\u00f6schung oder Einschr\u00e4nkung der Verarbeitung gegen\u00fcber dem Verantwortlichen geltend gemacht, ist dieser verpflichtet, allen Empf\u00e4ngern, denen die Nutzer betreffenden personenbezogenen Daten offengelegt wurden, diese Berichtigung oder L\u00f6schung der Daten oder Einschr\u00e4nkung der Verarbeitung mitzuteilen, es sei denn, dies erweist sich als unm\u00f6glich oder ist mit einem unverh\u00e4ltnism\u00e4\u00dfigen Aufwand verbunden.<\/p>\n<p>Nutzern steht gegen\u00fcber dem Verantwortlichen das Recht zu, \u00fcber diese Empf\u00e4nger unterrichtet zu werden.<\/p>\n<p>&nbsp;<\/p>\n<ol start=\"6\">\n<li>Recht auf Daten\u00fcbertragbarkeit<\/li>\n<\/ol>\n<p>Nutzer haben das Recht, die sie betreffenden personenbezogenen Daten, die sie dem Verantwortlichen bereitgestellt haben, in einem strukturierten, g\u00e4ngigen und maschinenlesbaren Format zu erhalten. Au\u00dferdem haben Nutzer das Recht diese Daten einem anderen Verantwortlichen ohne Behinderung durch den Verantwortlichen, dem die personenbezogenen Daten bereitgestellt wurden, zu \u00fcbermitteln, sofern<\/p>\n<p>&nbsp;<\/p>\n<p>6.1. die Verarbeitung auf einer Einwilligung gem. Art. 6 Abs. 1 lit. a DSGVO oder Art. 9 Abs. 2 lit. a DSGVO oder auf einem Vertrag gem. Art. 6 Abs. 1 lit. b DSGVO beruht und<\/p>\n<p>6.2. die Verarbeitung mithilfe automatisierter Verfahren erfolgt.<\/p>\n<p>&nbsp;<\/p>\n<p>In Aus\u00fcbung dieses Rechts haben Nutzer ferner das Recht, zu erwirken, dass die sie betreffenden personenbezogenen Daten direkt von einem Verantwortlichen einem anderen Verantwortlichen \u00fcbermittelt werden, soweit dies technisch machbar ist. Freiheiten und Rechte anderer Personen d\u00fcrfen hierdurch nicht beeintr\u00e4chtigt werden.<\/p>\n<p>&nbsp;<\/p>\n<p>Das Recht auf Daten\u00fcbertragbarkeit gilt nicht f\u00fcr eine Verarbeitung personenbezogener Daten, die f\u00fcr die Wahrnehmung einer Aufgabe erforderlich ist, die im \u00f6ffentlichen Interesse liegt oder in Aus\u00fcbung \u00f6ffentlicher Gewalt erfolgt, die dem Verantwortlichen \u00fcbertragen wurde.<\/p>\n<p>&nbsp;<\/p>\n<ol start=\"7\">\n<li>Widerspruchsrecht<\/li>\n<\/ol>\n<p>Nutzer haben das Recht, aus Gr\u00fcnden, die sich aus ihrer besonderen Situation ergeben, jederzeit gegen die Verarbeitung der sie betreffenden personenbezogenen Daten, die aufgrund von Art. 6 Abs. 1 lit e oder f DSGVO erfolgt, Widerspruch einzulegen; dies gilt auch f\u00fcr ein auf diese Bestimmungen gest\u00fctztes Profiling.<\/p>\n<p>Der Verantwortliche verarbeitet die Nutzer betreffenden personenbezogenen Daten nicht mehr, es sei denn, er kann zwingende schutzw\u00fcrdige Gr\u00fcnde f\u00fcr die Verarbeitung nachweisen, die ihre Interessen, Rechte und Freiheiten \u00fcberwiegen, oder die Verarbeitung dient der Geltendmachung, Aus\u00fcbung oder Verteidigung von Rechtsanspr\u00fcchen.<\/p>\n<p>Werden die Nutzer betreffenden personenbezogenen Daten verarbeitet, um Direktwerbung zu betreiben, haben Nutzer das Recht, jederzeit Widerspruch gegen die Verarbeitung der sie betreffenden personenbezogenen Daten zum Zwecke derartiger Werbung einzulegen; dies gilt auch f\u00fcr das Profiling, soweit es mit solcher Direktwerbung in Verbindung steht.<\/p>\n<p>Widersprechen Nutzer der Verarbeitung f\u00fcr Zwecke der Direktwerbung, so werden die betreffenden personenbezogenen Daten nicht mehr f\u00fcr diese Zwecke verarbeitet.<\/p>\n<p>Nutzer haben die M\u00f6glichkeit, im Zusammenhang mit der Nutzung von Diensten der Informationsgesellschaft &#8211; ungeachtet der Richtlinie 2002\/58\/EG &#8211; ihr Widerspruchsrecht mittels automatisierter Verfahren auszu\u00fcben, bei denen technische Spezifikationen verwendet werden.<\/p>\n<p>&nbsp;<\/p>\n<ol start=\"8\">\n<li>Recht auf Widerruf der datenschutzrechtlichen Einwilligungserkl\u00e4rung<\/li>\n<\/ol>\n<p>Nutzer haben das Recht, ihre datenschutzrechtliche Einwilligungserkl\u00e4rung jederzeit zu widerrufen. Durch den Widerruf der Einwilligung wird die Rechtm\u00e4\u00dfigkeit der aufgrund der Einwilligung bis zum Widerruf erfolgten Verarbeitung nicht ber\u00fchrt.<\/p>\n<p>&nbsp;<\/p>\n<ol start=\"9\">\n<li>Automatisierte Entscheidung im Einzelfall einschlie\u00dflich Profiling<\/li>\n<\/ol>\n<p>Nutzer haben das Recht, nicht einer ausschlie\u00dflich auf einer automatisierten Verarbeitung &#8211; einschlie\u00dflich Profiling &#8211; beruhenden Entscheidung unterworfen zu werden, die ihnen gegen\u00fcber rechtliche Wirkung entfaltet oder sie in \u00e4hnlicher Weise erheblich beeintr\u00e4chtigt. Dies gilt nicht, wenn die Entscheidung<\/p>\n<p>&nbsp;<\/p>\n<p>9.1. f\u00fcr den Abschluss oder die Erf\u00fcllung eines Vertrags zwischen ihnen und dem Verantwortlichen erforderlich ist,<\/p>\n<p>9.2. aufgrund von Rechtsvorschriften der Union oder der Mitgliedstaaten, denen der Verantwortliche unterliegt, zul\u00e4ssig ist und diese Rechtsvorschriften angemessene Ma\u00dfnahmen zur Wahrung ihrer Rechte und Freiheiten sowie ihrer berechtigten Interessen enthalten oder<\/p>\n<p>9.3. mit ihrer ausdr\u00fccklichen Einwilligung erfolgt.<\/p>\n<p>&nbsp;<\/p>\n<p>Allerdings d\u00fcrfen diese Entscheidungen nicht auf besonderen Kategorien personenbezogener Daten nach Art. 9 Abs. 1 DSGVO beruhen, sofern nicht Art. 9 Abs. 2 lit. a oder g DSGVO gilt und angemessene Ma\u00dfnahmen zum Schutz der Rechte und Freiheiten sowie ihrer berechtigten Interessen getroffen wurden.<\/p>\n<p>Hinsichtlich der in (1) und (3) genannten F\u00e4lle trifft der Verantwortliche angemessene Ma\u00dfnahmen, um die Rechte und Freiheiten sowie ihre berechtigten Interessen zu wahren, wozu mindestens das Recht auf Erwirkung des Eingreifens einer Person seitens des Verantwortlichen, auf Darlegung des eigenen Standpunkts und auf Anfechtung der Entscheidung geh\u00f6rt.<\/p>\n<p>&nbsp;<\/p>\n<ol start=\"10\">\n<li>Recht auf Beschwerde bei einer Aufsichtsbeh\u00f6rde<\/li>\n<\/ol>\n<p>Unbeschadet eines anderweitigen verwaltungsrechtlichen oder gerichtlichen Rechtsbehelfs steht Nutzern das Recht auf Beschwerde bei einer Aufsichtsbeh\u00f6rde, insbesondere in dem Mitgliedstaat ihres Aufenthaltsorts, ihres Arbeitsplatzes oder des Orts des mutma\u00dflichen Versto\u00dfes zu, wenn sie der Ansicht sind, dass die Verarbeitung der sie betreffenden personenbezogenen Daten gegen die DSGVO verst\u00f6\u00dft.<\/p>\n<p>Die Aufsichtsbeh\u00f6rde, bei der die Beschwerde eingereicht wurde, unterrichtet den Beschwerdef\u00fchrer \u00fcber den Stand und die Ergebnisse der Beschwerde einschlie\u00dflich der M\u00f6glichkeit eines gerichtlichen Rechtsbehelfs nach Art. 78 DSGVO.<\/p>\n<p>&nbsp;<\/p>\n<p><strong>XIII Einwilligungen (Einwilligungstexte)<\/strong><\/p>\n<ol>\n<li>Kontaktformular<\/li>\n<\/ol>\n<p>Ich bin damit einverstanden, dass meine in der Erfassungsmaske eingegebenen Daten zum Zwecke der Beantwortung meines Kontaktwunsches verarbeitet werden, wobei das Verarbeiten nach Art. 4 Nr. 2 DSGVO jeden mit oder ohne Hilfe automatisierter Verfahren ausgef\u00fchrten Vorgang oder jede solche Vorgangsreihe im Zusammenhang mit personenbezogenen Daten wie das Erheben, das Erfassen, die Organisation, das Ordnen, die Speicherung, die Anpassung oder Ver\u00e4nderung, das Auslesen, das Abfragen, die Verwendung, die Offenlegung durch \u00dcbermittlung, Verbreitung oder eine andere Form der Bereitstellung, den Abgleich oder die Verkn\u00fcpfung, die Einschr\u00e4nkung, das L\u00f6schen oder die Vernichtung darstellt.<\/p>\n\n","protected":false},"excerpt":{"rendered":"<p>Datenschutzerkl\u00e4rung I Name und Anschrift des Verantwortlichen Der Verantwortliche im Sinne der Datenschutz-Grundverordnung und anderer nationaler Datenschutzgesetze der Mitgliedsstaaten sowie sonstiger datenschutzrechtlicher Bestimmungen ist: TIS Technische Informationssysteme GmbH M\u00fcller-Armack-Str. 8&hellip;<\/p>\n","protected":false},"author":1,"featured_media":0,"parent":0,"menu_order":0,"comment_status":"closed","ping_status":"closed","template":"","meta":{"footnotes":""},"class_list":["post-146","page","type-page","status-publish","hentry"],"yoast_head":"<!-- This site is optimized with the Yoast SEO plugin v27.5 - https:\/\/yoast.com\/product\/yoast-seo-wordpress\/ -->\n<title>Datenschutzerkl\u00e4rung - Webinare und Schulungen der TIS GmbH<\/title>\n<meta name=\"robots\" content=\"noindex, nofollow\" \/>\n<meta property=\"og:locale\" content=\"de_DE\" \/>\n<meta property=\"og:type\" content=\"article\" \/>\n<meta property=\"og:title\" content=\"Datenschutzerkl\u00e4rung - Webinare und Schulungen der TIS GmbH\" \/>\n<meta property=\"og:description\" content=\"Datenschutzerkl\u00e4rung I Name und Anschrift des Verantwortlichen Der Verantwortliche im Sinne der Datenschutz-Grundverordnung und anderer nationaler Datenschutzgesetze der Mitgliedsstaaten sowie sonstiger datenschutzrechtlicher Bestimmungen ist: TIS Technische Informationssysteme GmbH M\u00fcller-Armack-Str. 8&hellip;\" \/>\n<meta property=\"og:url\" content=\"https:\/\/www.logistik-telematik.de\/de\/datenschutzerklaerung\/\" \/>\n<meta property=\"og:site_name\" content=\"Webinare und Schulungen der TIS GmbH\" \/>\n<meta property=\"article:modified_time\" content=\"2026-01-23T12:27:22+00:00\" \/>\n<meta name=\"twitter:card\" content=\"summary_large_image\" \/>\n<script type=\"application\/ld+json\" class=\"yoast-schema-graph\">{\"@context\":\"https:\\\/\\\/schema.org\",\"@graph\":[{\"@type\":\"WebPage\",\"@id\":\"https:\\\/\\\/www.logistik-telematik.de\\\/de\\\/datenschutzerklaerung\\\/\",\"url\":\"https:\\\/\\\/www.logistik-telematik.de\\\/de\\\/datenschutzerklaerung\\\/\",\"name\":\"Datenschutzerkl\u00e4rung - Webinare und Schulungen der TIS GmbH\",\"isPartOf\":{\"@id\":\"https:\\\/\\\/www.logistik-telematik.de\\\/#website\"},\"datePublished\":\"2018-07-26T21:02:04+00:00\",\"dateModified\":\"2026-01-23T12:27:22+00:00\",\"breadcrumb\":{\"@id\":\"https:\\\/\\\/www.logistik-telematik.de\\\/de\\\/datenschutzerklaerung\\\/#breadcrumb\"},\"inLanguage\":\"de\",\"potentialAction\":[{\"@type\":\"ReadAction\",\"target\":[\"https:\\\/\\\/www.logistik-telematik.de\\\/de\\\/datenschutzerklaerung\\\/\"]}]},{\"@type\":\"BreadcrumbList\",\"@id\":\"https:\\\/\\\/www.logistik-telematik.de\\\/de\\\/datenschutzerklaerung\\\/#breadcrumb\",\"itemListElement\":[{\"@type\":\"ListItem\",\"position\":1,\"name\":\"Home\",\"item\":\"https:\\\/\\\/www.logistik-telematik.de\\\/de\\\/\"},{\"@type\":\"ListItem\",\"position\":2,\"name\":\"Datenschutzerkl\u00e4rung\"}]},{\"@type\":\"WebSite\",\"@id\":\"https:\\\/\\\/www.logistik-telematik.de\\\/#website\",\"url\":\"https:\\\/\\\/www.logistik-telematik.de\\\/\",\"name\":\"Webinare und Schulungen der TIS GmbH\",\"description\":\"My WordPress Blog\",\"potentialAction\":[{\"@type\":\"SearchAction\",\"target\":{\"@type\":\"EntryPoint\",\"urlTemplate\":\"https:\\\/\\\/www.logistik-telematik.de\\\/?s={search_term_string}\"},\"query-input\":{\"@type\":\"PropertyValueSpecification\",\"valueRequired\":true,\"valueName\":\"search_term_string\"}}],\"inLanguage\":\"de\"}]}<\/script>\n<!-- \/ Yoast SEO plugin. -->","yoast_head_json":{"title":"Datenschutzerkl\u00e4rung - Webinare und Schulungen der TIS GmbH","robots":{"index":"noindex","follow":"nofollow"},"og_locale":"de_DE","og_type":"article","og_title":"Datenschutzerkl\u00e4rung - Webinare und Schulungen der TIS GmbH","og_description":"Datenschutzerkl\u00e4rung I Name und Anschrift des Verantwortlichen Der Verantwortliche im Sinne der Datenschutz-Grundverordnung und anderer nationaler Datenschutzgesetze der Mitgliedsstaaten sowie sonstiger datenschutzrechtlicher Bestimmungen ist: TIS Technische Informationssysteme GmbH M\u00fcller-Armack-Str. 8&hellip;","og_url":"https:\/\/www.logistik-telematik.de\/de\/datenschutzerklaerung\/","og_site_name":"Webinare und Schulungen der TIS GmbH","article_modified_time":"2026-01-23T12:27:22+00:00","twitter_card":"summary_large_image","schema":{"@context":"https:\/\/schema.org","@graph":[{"@type":"WebPage","@id":"https:\/\/www.logistik-telematik.de\/de\/datenschutzerklaerung\/","url":"https:\/\/www.logistik-telematik.de\/de\/datenschutzerklaerung\/","name":"Datenschutzerkl\u00e4rung - Webinare und Schulungen der TIS GmbH","isPartOf":{"@id":"https:\/\/www.logistik-telematik.de\/#website"},"datePublished":"2018-07-26T21:02:04+00:00","dateModified":"2026-01-23T12:27:22+00:00","breadcrumb":{"@id":"https:\/\/www.logistik-telematik.de\/de\/datenschutzerklaerung\/#breadcrumb"},"inLanguage":"de","potentialAction":[{"@type":"ReadAction","target":["https:\/\/www.logistik-telematik.de\/de\/datenschutzerklaerung\/"]}]},{"@type":"BreadcrumbList","@id":"https:\/\/www.logistik-telematik.de\/de\/datenschutzerklaerung\/#breadcrumb","itemListElement":[{"@type":"ListItem","position":1,"name":"Home","item":"https:\/\/www.logistik-telematik.de\/de\/"},{"@type":"ListItem","position":2,"name":"Datenschutzerkl\u00e4rung"}]},{"@type":"WebSite","@id":"https:\/\/www.logistik-telematik.de\/#website","url":"https:\/\/www.logistik-telematik.de\/","name":"Webinare und Schulungen der TIS GmbH","description":"My WordPress Blog","potentialAction":[{"@type":"SearchAction","target":{"@type":"EntryPoint","urlTemplate":"https:\/\/www.logistik-telematik.de\/?s={search_term_string}"},"query-input":{"@type":"PropertyValueSpecification","valueRequired":true,"valueName":"search_term_string"}}],"inLanguage":"de"}]}},"_links":{"self":[{"href":"https:\/\/www.logistik-telematik.de\/de\/wp-json\/wp\/v2\/pages\/146","targetHints":{"allow":["GET"]}}],"collection":[{"href":"https:\/\/www.logistik-telematik.de\/de\/wp-json\/wp\/v2\/pages"}],"about":[{"href":"https:\/\/www.logistik-telematik.de\/de\/wp-json\/wp\/v2\/types\/page"}],"author":[{"embeddable":true,"href":"https:\/\/www.logistik-telematik.de\/de\/wp-json\/wp\/v2\/users\/1"}],"replies":[{"embeddable":true,"href":"https:\/\/www.logistik-telematik.de\/de\/wp-json\/wp\/v2\/comments?post=146"}],"version-history":[{"count":13,"href":"https:\/\/www.logistik-telematik.de\/de\/wp-json\/wp\/v2\/pages\/146\/revisions"}],"predecessor-version":[{"id":5659,"href":"https:\/\/www.logistik-telematik.de\/de\/wp-json\/wp\/v2\/pages\/146\/revisions\/5659"}],"wp:attachment":[{"href":"https:\/\/www.logistik-telematik.de\/de\/wp-json\/wp\/v2\/media?parent=146"}],"curies":[{"name":"wp","href":"https:\/\/api.w.org\/{rel}","templated":true}]}}