{"id":1441,"date":"2018-12-16T03:55:18","date_gmt":"2018-12-16T02:55:18","guid":{"rendered":"https:\/\/www.logistik-telematik.de\/?page_id=1441"},"modified":"2021-10-05T09:54:29","modified_gmt":"2021-10-05T07:54:29","slug":"tis-webinar-lenk-und-ruhezeiten","status":"publish","type":"page","link":"https:\/\/www.logistik-telematik.de\/de\/tis-webinar-lenk-und-ruhezeiten\/","title":{"rendered":"TIS-Webinar: Lenk- und Ruhezeiten in TISLOG office Infodesk"},"content":{"rendered":"\n\n\t\t\t\t<img decoding=\"async\" src=\"https:\/\/www.logistik-telematik.de\/wp-content\/uploads\/2018\/09\/tislog-office.gif\" alt=\"tislog-office\" title=\"tislog-office\" itemprop=\"image\"  \/>\n<h2>\n\t\tLenk- und Ruhezeiten in TISLOG office Infodesk\n\t<\/h2>\n\t\t\t\t<img decoding=\"async\" src=\"https:\/\/www.logistik-telematik.de\/wp-content\/uploads\/2018\/12\/lenkzeit-DE.jpg\" alt=\"Kostenloses Webinar | Lenk- &amp; Ruhezeit in TISLOG office Infodesk\" title=\"lenkzeit-DE\" itemprop=\"image\"  \/>\n\t<p>Die Funktion Lenk- und Ruhezeiten in unserer Software TISLOG office Infodesk unterst\u00fctzt Sie bei der Erfassung und dem Umgang mit den Lenk- und Ruhezeiten Ihrer Fahrer.<\/p>\nZu den Lenk- und Ruhezeiten gibt es bestimmte Regeln, die in der gesamten EU G\u00fcltigkeit besitzen. Sie gelten f\u00fcr gewerblich genutzte LKW \u00fcber 3,5 Tonnen und Busse mit mehr als neun Sitzpl\u00e4tzen. Die Regelungen legen fest, wie lange ein Fahrer lenken darf und wann er eine Pause machen muss.<br \/>\nDabei ist der Fahrer dazu verpflichtet, entsprechende Arbeitsnachweise zu erstellen. Der Halter bzw. Unternehmer muss die Einhaltung der Regeln \u00fcberpr\u00fcfen und gegebenenfalls erforderliche Ma\u00dfnahmen ergreifen.<br \/>\nWelche Regeln genau beachtet werden m\u00fcssen und wie das <a href=\"https:\/\/www.logistik-telematik.de\/de\/tis-webinar-tachoarchiv\/\">TISLOG office Tachoarchiv<\/a> dabei unterst\u00fctzen kann, die Einhaltung der Lenk- und Ruhezeiten zu \u00fcberpr\u00fcfen und die Daten zu archivieren, das erfahren Sie in unserem kostenlosen Webinar.<br \/>\nDabei behandeln wir Fragen, wie: Was ist bei den Lenk- und Ruhezeiten und dem Arbeitszeitgesetz zu beachten? Wie komme ich m\u00f6glichst einfach, zuverl\u00e4ssig und kosteng\u00fcnstig und dennoch sicher an meine Daten der Fahrer und der Fahrzeuge? Wie gehe ich mit diesen Daten um? Was passiert mit den Daten? Was muss ich als Unternehmer nachweisen, aufbewahren oder vorweisen?\n\t\t<nav>\n\t\t\t<ul>\n\t\t\t\t\t\t\t\t<li data-index=\"0\">\n\t\t\t\t\t<h4>\n\t\t\t\t\t\t<a href=\"javascript:void(0);\">Alle Termine f\u00fcr dieses Webinar\n\t\t\t\t\t\t\t\t\t\t\t\t<\/a>\n\t\t\t\t\t<\/h4>\n\t\t\t\t<\/li>\n\t\t\t\t\t\t\t\t<li data-index=\"1\">\n\t\t\t\t\t<h4>\n\t\t\t\t\t\t<a href=\"javascript:void(0);\">So funktioniert die Anmeldung\n\t\t\t\t\t\t\t\t\t\t\t\t<\/a>\n\t\t\t\t\t<\/h4>\n\t\t\t\t<\/li>\n\t\t\t\t\t\t\t<\/ul>\n\t\t<\/nav>\n\t\t\t\t\t<h4>\n\t\t\t\t\t\t\t\t\t\t\t\tAlle Termine f\u00fcr dieses Webinar\n\t\t\t\t\t\t\t\t\t\t\t<\/h4>\n\t\t\t\t\t<h2>Alle Termine f\u00fcr dieses Webinar<\/h2>\n<hr \/>\n<div\n\t class=\"tribe-common tribe-events tribe-events-view tribe-events-view--list tribe-events-view--shortcode tribe-events-view--shortcode-7851b897\" \tdata-js=\"tribe-events-view\"\n\tdata-view-rest-url=\"https:\/\/www.logistik-telematik.de\/de\/wp-json\/tribe\/views\/v2\/html\"\n\tdata-view-rest-method=\"GET\"\n\tdata-view-manage-url=\"\"\n\t\t\tdata-view-shortcode=\"7851b897\"\n\t\t\t\tdata-view-breakpoint-pointer=\"2f1c210d-e0d3-48ae-b10f-c740a5ff35da\"\n\t>\n\t<section class=\"tribe-common-l-container tribe-events-l-container\">\n\t\t<div\n\tclass=\"tribe-events-view-loader tribe-common-a11y-hidden\"\n\trole=\"alert\"\n\taria-live=\"polite\"\n>\n\t<span class=\"tribe-events-view-loader__text tribe-common-a11y-visual-hide\">\n\t\t0 Veranstaltungen gefunden.\t<\/span>\n\t<div class=\"tribe-events-view-loader__dots tribe-common-c-loader\">\n\t\t<svg\n\t class=\"tribe-common-c-svgicon tribe-common-c-svgicon--dot tribe-common-c-loader__dot tribe-common-c-loader__dot--first\" \taria-hidden=\"true\"\n\tviewBox=\"0 0 15 15\"\n\txmlns=\"http:\/\/www.w3.org\/2000\/svg\"\n>\n\t<circle cx=\"7.5\" cy=\"7.5\" r=\"7.5\"\/>\n<\/svg>\n\t\t<svg\n\t class=\"tribe-common-c-svgicon tribe-common-c-svgicon--dot tribe-common-c-loader__dot tribe-common-c-loader__dot--second\" \taria-hidden=\"true\"\n\tviewBox=\"0 0 15 15\"\n\txmlns=\"http:\/\/www.w3.org\/2000\/svg\"\n>\n\t<circle cx=\"7.5\" cy=\"7.5\" r=\"7.5\"\/>\n<\/svg>\n\t\t<svg\n\t class=\"tribe-common-c-svgicon tribe-common-c-svgicon--dot tribe-common-c-loader__dot tribe-common-c-loader__dot--third\" \taria-hidden=\"true\"\n\tviewBox=\"0 0 15 15\"\n\txmlns=\"http:\/\/www.w3.org\/2000\/svg\"\n>\n\t<circle cx=\"7.5\" cy=\"7.5\" r=\"7.5\"\/>\n<\/svg>\n\t<\/div>\n<\/div>\n\n\t\t\n\t\t<script data-js=\"tribe-events-view-data\" type=\"application\/json\">\n\t{\"slug\":\"list\",\"prev_url\":\"https:\\\/\\\/www.logistik-telematik.de\\\/de\\\/veranstaltungen\\\/Liste\\\/?rest_route=%2Fwp%2Fv2%2Fpages%2F1441&shortcode=7851b897&eventDisplay=past\",\"next_url\":\"\",\"view_class\":\"Tribe\\\\Events\\\\Views\\\\V2\\\\Views\\\\List_View\",\"view_slug\":\"list\",\"view_label\":\"Liste\",\"title\":\"Anstehende Veranstaltungen \\u2013 Webinare und Schulungen der TIS GmbH\",\"events\":[],\"url\":\"https:\\\/\\\/www.logistik-telematik.de\\\/de\\\/veranstaltungen\\\/Liste\\\/?shortcode=7851b897\",\"url_event_date\":false,\"bar\":{\"keyword\":\"\",\"date\":\"\"},\"today\":\"2026-05-01 00:00:00\",\"now\":\"2026-05-01 20:31:24\",\"home_url\":\"https:\\\/\\\/www.logistik-telematik.de\\\/de\\\/\",\"rest_url\":\"https:\\\/\\\/www.logistik-telematik.de\\\/de\\\/wp-json\\\/tribe\\\/views\\\/v2\\\/html\",\"rest_method\":\"GET\",\"rest_nonce\":\"\",\"should_manage_url\":false,\"today_url\":\"https:\\\/\\\/www.logistik-telematik.de\\\/de\\\/veranstaltungen\\\/Liste\\\/?rest_route=%2Fwp%2Fv2%2Fpages%2F1441&shortcode=7851b897\",\"today_title\":\"Klicke, um das heutige Datum auszuw\\u00e4hlen\",\"today_label\":\"Heute\",\"prev_label\":\"\",\"next_label\":\"\",\"date_formats\":{\"compact\":\"d.m.Y\",\"month_and_year_compact\":\"m.Y\",\"month_and_year\":\"F Y\",\"time_range_separator\":\" - \",\"date_time_separator\":\" | \"},\"messages\":{\"notice\":[\"Es sind keine anstehenden Veranstaltungen vorhanden.\"]},\"start_of_week\":\"1\",\"header_title\":\"\",\"header_title_element\":\"h1\",\"content_title\":\"\",\"show_content_title\":false,\"breadcrumbs\":[],\"backlink\":false,\"before_events\":\"\",\"after_events\":\"\",\"display_events_bar\":true,\"disable_event_search\":false,\"live_refresh\":true,\"ical\":{\"display_link\":true,\"link\":{\"url\":\"https:\\\/\\\/www.logistik-telematik.de\\\/de\\\/veranstaltungen\\\/Liste\\\/?shortcode=7851b897&#038;ical=1\",\"text\":\"Veranstaltungen als iCal exportieren\",\"title\":\"Diese Funktion verwenden, um Kalenderdaten mit Google Kalender, Apple iCal und kompatiblen Apps zu teilen\"}},\"container_classes\":[\"tribe-common\",\"tribe-events\",\"tribe-events-view\",\"tribe-events-view--list\",\"tribe-events-view--shortcode\",\"tribe-events-view--shortcode-7851b897\"],\"container_data\":{\"shortcode\":\"7851b897\"},\"is_past\":false,\"breakpoints\":{\"xsmall\":500,\"medium\":768,\"full\":960},\"breakpoint_pointer\":\"2f1c210d-e0d3-48ae-b10f-c740a5ff35da\",\"is_initial_load\":false,\"public_views\":{\"list\":{\"view_class\":\"Tribe\\\\Events\\\\Views\\\\V2\\\\Views\\\\List_View\",\"view_url\":\"https:\\\/\\\/www.logistik-telematik.de\\\/de\\\/veranstaltungen\\\/Liste\\\/?shortcode=7851b897\",\"view_label\":\"Liste\",\"aria_label\":\"Zeige Veranstaltungen in der Liste Ansicht\"},\"month\":{\"view_class\":\"Tribe\\\\Events\\\\Views\\\\V2\\\\Views\\\\Month_View\",\"view_url\":\"https:\\\/\\\/www.logistik-telematik.de\\\/de\\\/veranstaltungen\\\/Monat\\\/?shortcode=7851b897\",\"view_label\":\"Monat\",\"aria_label\":\"Zeige Veranstaltungen in der Monat Ansicht\"},\"week\":{\"view_class\":\"Tribe\\\\Events\\\\Pro\\\\Views\\\\V2\\\\Views\\\\Week_View\",\"view_url\":\"https:\\\/\\\/www.logistik-telematik.de\\\/de\\\/veranstaltungen\\\/Woche\\\/?shortcode=7851b897\",\"view_label\":\"Woche\",\"aria_label\":\"Zeige Veranstaltungen in der Woche Ansicht\"}},\"show_latest_past\":true,\"past\":false,\"show_now\":true,\"now_label\":\"Anstehende\",\"now_label_mobile\":\"Anstehende\",\"show_end\":false,\"selected_start_datetime\":\"2026-05-01\",\"selected_start_date_mobile\":\"01.05.2026\",\"selected_start_date_label\":\"1 Mai\",\"selected_end_datetime\":\"2026-05-01\",\"selected_end_date_mobile\":\"01.05.2026\",\"selected_end_date_label\":\"Heute\",\"datepicker_date\":\"01.05.2026\",\"subscribe_links\":{\"gcal\":{\"label\":\"Google Kalender\",\"single_label\":\"Zu Google Kalender hinzuf\\u00fcgen\",\"visible\":true,\"block_slug\":\"hasGoogleCalendar\"},\"ical\":{\"label\":\"iCalendar\",\"single_label\":\"Zu iCalendar hinzuf\\u00fcgen\",\"visible\":true,\"block_slug\":\"hasiCal\"},\"outlook-365\":{\"label\":\"Outlook 365\",\"single_label\":\"Outlook 365\",\"visible\":true,\"block_slug\":\"hasOutlook365\"},\"outlook-live\":{\"label\":\"Outlook Live\",\"single_label\":\"Outlook Live\",\"visible\":true,\"block_slug\":\"hasOutlookLive\"},\"ics\":{\"label\":\".ics-Datei exportieren\",\"single_label\":\".ics-Datei exportieren\",\"visible\":true,\"block_slug\":null},\"outlook-ics\":{\"label\":\"Exportiere Outlook .ics Datei\",\"single_label\":\"Exportiere Outlook .ics Datei\",\"visible\":true,\"block_slug\":null}},\"display_recurring_toggle\":false,\"_context\":{\"slug\":\"list\",\"should_manage_url\":false},\"text\":\"Wird geladen\\u00a0\\u2026\",\"classes\":[\"tribe-common-c-loader__dot\",\"tribe-common-c-loader__dot--third\"]}<\/script>\n\n\t\t\n\t\t\n<header  class=\"tribe-events-header tribe-events-header--has-event-search\" >\n\t\n\t<div  class=\"tribe-events-header__messages tribe-events-c-messages tribe-common-b2 tribe-common-c-loader__dot tribe-common-c-loader__dot--third\"  >\n\t\t\t<div class=\"tribe-events-c-messages__message tribe-events-c-messages__message--notice\" tabindex=\"0\" role=\"alert\" aria-live=\"assertive\">\n\t\t\t\t\t\t\t\t\t\t<div\n\t\t\t\t\t data-key=\"0\" >\n\t\t\t\t\tEs sind keine anstehenden Veranstaltungen vorhanden.\t\t\t\t<\/div>\n\t\t\t\t\t<\/div>\n\t<\/div>\n\n\t<div  class=\"tribe-events-header__messages tribe-events-c-messages tribe-common-b2 tribe-events-header__messages--mobile\"  >\n\t\t\t<div class=\"tribe-events-c-messages__message tribe-events-c-messages__message--notice\" tabindex=\"0\" role=\"alert\" aria-live=\"assertive\">\n\t\t\t\t\t\t\t\t\t\t<div\n\t\t\t\t\t data-key=\"0\" >\n\t\t\t\t\tEs sind keine anstehenden Veranstaltungen vorhanden.\t\t\t\t<\/div>\n\t\t\t\t\t<\/div>\n\t<\/div>\n\n\t<div\n\t class=\"tribe-events-header__events-bar tribe-events-c-events-bar tribe-events-c-events-bar--border\" \tdata-js=\"tribe-events-events-bar\"\n>\n\n\t<h2 class=\"tribe-common-a11y-visual-hide\">\n\t\tVeranstaltungen Suche und Ansichten, Navigation\t<\/h2>\n\n\t\t\t<button\n\tclass=\"tribe-events-c-events-bar__search-button\"\n\taria-controls=\"tribe-events-search-container\"\n\taria-expanded=\"false\"\n\tdata-js=\"tribe-events-search-button\"\n>\n\t<svg\n\t class=\"tribe-common-c-svgicon tribe-common-c-svgicon--search tribe-events-c-events-bar__search-button-icon-svg\" \taria-hidden=\"true\"\n\tviewBox=\"0 0 16 16\"\n\txmlns=\"http:\/\/www.w3.org\/2000\/svg\"\n>\n\t<path fill-rule=\"evenodd\" clip-rule=\"evenodd\" d=\"M11.164 10.133L16 14.97 14.969 16l-4.836-4.836a6.225 6.225 0 01-3.875 1.352 6.24 6.24 0 01-4.427-1.832A6.272 6.272 0 010 6.258 6.24 6.24 0 011.831 1.83 6.272 6.272 0 016.258 0c1.67 0 3.235.658 4.426 1.831a6.272 6.272 0 011.832 4.427c0 1.422-.48 2.773-1.352 3.875zM6.258 1.458c-1.28 0-2.49.498-3.396 1.404-1.866 1.867-1.866 4.925 0 6.791a4.774 4.774 0 003.396 1.405c1.28 0 2.489-.498 3.395-1.405 1.867-1.866 1.867-4.924 0-6.79a4.774 4.774 0 00-3.395-1.405z\"\/>\n<\/svg>\n\t<span class=\"tribe-events-c-events-bar__search-button-text tribe-common-a11y-visual-hide\">\n\t\tSuche\t<\/span>\n<\/button>\n\n\t\t<div\n\t\t\tclass=\"tribe-events-c-events-bar__search-container\"\n\t\t\tid=\"tribe-events-search-container\"\n\t\t\tdata-js=\"tribe-events-search-container\"\n\t\t>\n\t\t\t<div\n\tclass=\"tribe-events-c-events-bar__search\"\n\tid=\"tribe-events-events-bar-search\"\n\tdata-js=\"tribe-events-events-bar-search\"\n>\n\t<form\n\t\tclass=\"tribe-events-c-search tribe-events-c-events-bar__search-form\"\n\t\tmethod=\"get\"\n\t\tdata-js=\"tribe-events-view-form\"\n\t\trole=\"search\"\n\t>\n\t\t<input type=\"hidden\" name=\"tribe-events-views[url]\" value=\"https:\/\/www.logistik-telematik.de\/de\/veranstaltungen\/Liste\/?shortcode=7851b897\" \/>\n\n\t\t<div class=\"tribe-events-c-search__input-group\">\n\t\t\t<div\n\tclass=\"tribe-common-form-control-text tribe-events-c-search__input-control tribe-events-c-search__input-control--keyword\"\n\tdata-js=\"tribe-events-events-bar-input-control\"\n>\n\t<label class=\"tribe-common-form-control-text__label\" for=\"tribe-events-events-bar-keyword\">\n\t\tBitte Schl\u00fcsselwort eingeben. Suche nach Veranstaltungen Schl\u00fcsselwort.\t<\/label>\n\t<input\n\t\tclass=\"tribe-common-form-control-text__input tribe-events-c-search__input\"\n\t\tdata-js=\"tribe-events-events-bar-input-control-input\"\n\t\ttype=\"text\"\n\t\tid=\"tribe-events-events-bar-keyword\"\n\t\tname=\"tribe-events-views[tribe-bar-search]\"\n\t\tvalue=\"\"\n\t\tplaceholder=\"Suche nach Veranstaltungen\"\n\t\taria-label=\"Bitte Schl\u00fcsselwort eingeben. Suche nach Veranstaltungen Schl\u00fcsselwort.\"\n\t\/>\n\t<svg\n\t class=\"tribe-common-c-svgicon tribe-common-c-svgicon--search tribe-events-c-search__input-control-icon-svg\" \taria-hidden=\"true\"\n\tviewBox=\"0 0 16 16\"\n\txmlns=\"http:\/\/www.w3.org\/2000\/svg\"\n>\n\t<path fill-rule=\"evenodd\" clip-rule=\"evenodd\" d=\"M11.164 10.133L16 14.97 14.969 16l-4.836-4.836a6.225 6.225 0 01-3.875 1.352 6.24 6.24 0 01-4.427-1.832A6.272 6.272 0 010 6.258 6.24 6.24 0 011.831 1.83 6.272 6.272 0 016.258 0c1.67 0 3.235.658 4.426 1.831a6.272 6.272 0 011.832 4.427c0 1.422-.48 2.773-1.352 3.875zM6.258 1.458c-1.28 0-2.49.498-3.396 1.404-1.866 1.867-1.866 4.925 0 6.791a4.774 4.774 0 003.396 1.405c1.28 0 2.489-.498 3.395-1.405 1.867-1.866 1.867-4.924 0-6.79a4.774 4.774 0 00-3.395-1.405z\"\/>\n<\/svg>\n<\/div>\n\t\t<\/div>\n\n\t\t<button\n\tclass=\"tribe-common-c-btn tribe-events-c-search__button\"\n\ttype=\"submit\"\n\tname=\"submit-bar\"\n>\n\tVeranstaltungen suchen<\/button>\n\t<\/form>\n<\/div>\n\t\t<\/div>\n\t\n\t<div class=\"tribe-events-c-events-bar__views\">\n\t<h3 class=\"tribe-common-a11y-visual-hide\">\n\t\tVeranstaltung Ansichten-Navigation\t<\/h3>\n\t<div  class=\"tribe-events-c-view-selector tribe-events-c-view-selector--labels tribe-events-c-view-selector--tabs\"  data-js=\"tribe-events-view-selector\">\n\t\t<button\n\t\t\tclass=\"tribe-events-c-view-selector__button tribe-common-c-btn__clear\"\n\t\t\tdata-js=\"tribe-events-view-selector-button\"\n\t\t\taria-current=\"true\"\n\t\t\taria-description=\"Kalenderansicht ausw\u00e4hlen\"\n\t\t>\n\t\t\t<span class=\"tribe-events-c-view-selector__button-icon\">\n\t\t\t\t<svg\n\t class=\"tribe-common-c-svgicon tribe-common-c-svgicon--list tribe-events-c-view-selector__button-icon-svg\" \taria-hidden=\"true\"\n\tviewBox=\"0 0 19 19\"\n\txmlns=\"http:\/\/www.w3.org\/2000\/svg\"\n>\n\t<path fill-rule=\"evenodd\" clip-rule=\"evenodd\" d=\"M.451.432V17.6c0 .238.163.432.364.432H18.12c.2 0 .364-.194.364-.432V.432c0-.239-.163-.432-.364-.432H.815c-.2 0-.364.193-.364.432zm.993.81h16.024V3.56H1.444V1.24zM17.468 3.56H1.444v13.227h16.024V3.56z\" class=\"tribe-common-c-svgicon__svg-fill\"\/>\n\t<g clip-path=\"url(#tribe-events-c-view-selector__button-icon-svg-0)\" class=\"tribe-common-c-svgicon__svg-fill\">\n\t\t<path fill-rule=\"evenodd\" clip-rule=\"evenodd\" d=\"M11.831 4.912v1.825c0 .504.409.913.913.913h1.825a.913.913 0 00.912-.913V4.912A.913.913 0 0014.57 4h-1.825a.912.912 0 00-.913.912z\"\/>\n\t\t<path d=\"M8.028 7.66a.449.449 0 00.446-.448v-.364c0-.246-.2-.448-.446-.448h-4.13a.449.449 0 00-.447.448v.364c0 .246.201.448.447.448h4.13zM9.797 5.26a.449.449 0 00.447-.448v-.364c0-.246-.201-.448-.447-.448h-5.9a.449.449 0 00-.446.448v.364c0 .246.201.448.447.448h5.9z\"\/>\n\t<\/g>\n\t<g clip-path=\"url(#tribe-events-c-view-selector__button-icon-svg-1)\" class=\"tribe-common-c-svgicon__svg-fill\">\n\t\t\t<path fill-rule=\"evenodd\" clip-rule=\"evenodd\" d=\"M11.831 10.912v1.825c0 .505.409.913.913.913h1.825a.913.913 0 00.912-.912v-1.825A.913.913 0 0014.57 10h-1.825a.912.912 0 00-.913.912z\"\/>\n\t\t<path d=\"M8.028 13.66a.449.449 0 00.446-.448v-.364c0-.246-.2-.448-.446-.448h-4.13a.449.449 0 00-.447.448v.364c0 .246.201.448.447.448h4.13zM9.797 11.26a.449.449 0 00.447-.448v-.364c0-.246-.201-.448-.447-.448h-5.9a.449.449 0 00-.446.448v.364c0 .246.201.448.447.448h5.9z\"\/>\n\t<\/g>\n\t<defs>\n\t\t<clipPath id=\"tribe-events-c-view-selector__button-icon-svg-0\">\n\t\t\t<path transform=\"translate(3.451 4)\" d=\"M0 0h13v4H0z\"\/>\n\t\t<\/clipPath>\n\t\t<clipPath id=\"tribe-events-c-view-selector__button-icon-svg-1\">\n\t\t\t<path transform=\"translate(3.451 10)\" d=\"M0 0h13v4H0z\"\/>\n\t\t<\/clipPath>\n\t<\/defs>\n<\/svg>\n\t\t\t<\/span>\n\t\t\t<span class=\"tribe-events-c-view-selector__button-text tribe-common-a11y-visual-hide\">\n\t\t\t\tListe\t\t\t<\/span>\n\t\t\t<svg\n\t class=\"tribe-common-c-svgicon tribe-common-c-svgicon--caret-down tribe-events-c-view-selector__button-icon-caret-svg\" \taria-hidden=\"true\"\n\tviewBox=\"0 0 10 7\"\n\txmlns=\"http:\/\/www.w3.org\/2000\/svg\"\n>\n\t<path fill-rule=\"evenodd\" clip-rule=\"evenodd\" d=\"M1.008.609L5 4.6 8.992.61l.958.958L5 6.517.05 1.566l.958-.958z\" class=\"tribe-common-c-svgicon__svg-fill\"\/>\n<\/svg>\n\t\t<\/button>\n\t\t<div\n\tclass=\"tribe-events-c-view-selector__content\"\n\tid=\"tribe-events-view-selector-content\"\n\tdata-js=\"tribe-events-view-selector-list-container\"\n>\n\t<ul class=\"tribe-events-c-view-selector__list\">\n\t\t\t\t\t<li\n\t class=\"tribe-events-c-view-selector__list-item tribe-events-c-view-selector__list-item--list tribe-events-c-view-selector__list-item--active\" >\n\t<a\n\t\thref=\"https:\/\/www.logistik-telematik.de\/de\/veranstaltungen\/Liste\/?shortcode=7851b897\"\n\t\tclass=\"tribe-events-c-view-selector__list-item-link\"\n\t\tdata-js=\"tribe-events-view-link\"\n\t\taria-label=\"Zeige Veranstaltungen in der Liste Ansicht\"\n\t\t\t\taria-current=\"true\"\n\t\t\t>\n\t\t<span class=\"tribe-events-c-view-selector__list-item-icon\">\n\t\t\t<svg\n\t class=\"tribe-common-c-svgicon tribe-common-c-svgicon--list tribe-events-c-view-selector__list-item-icon-svg\" \taria-hidden=\"true\"\n\tviewBox=\"0 0 19 19\"\n\txmlns=\"http:\/\/www.w3.org\/2000\/svg\"\n>\n\t<path fill-rule=\"evenodd\" clip-rule=\"evenodd\" d=\"M.451.432V17.6c0 .238.163.432.364.432H18.12c.2 0 .364-.194.364-.432V.432c0-.239-.163-.432-.364-.432H.815c-.2 0-.364.193-.364.432zm.993.81h16.024V3.56H1.444V1.24zM17.468 3.56H1.444v13.227h16.024V3.56z\" class=\"tribe-common-c-svgicon__svg-fill\"\/>\n\t<g clip-path=\"url(#tribe-events-c-view-selector__list-item-icon-svg-0)\" class=\"tribe-common-c-svgicon__svg-fill\">\n\t\t<path fill-rule=\"evenodd\" clip-rule=\"evenodd\" d=\"M11.831 4.912v1.825c0 .504.409.913.913.913h1.825a.913.913 0 00.912-.913V4.912A.913.913 0 0014.57 4h-1.825a.912.912 0 00-.913.912z\"\/>\n\t\t<path d=\"M8.028 7.66a.449.449 0 00.446-.448v-.364c0-.246-.2-.448-.446-.448h-4.13a.449.449 0 00-.447.448v.364c0 .246.201.448.447.448h4.13zM9.797 5.26a.449.449 0 00.447-.448v-.364c0-.246-.201-.448-.447-.448h-5.9a.449.449 0 00-.446.448v.364c0 .246.201.448.447.448h5.9z\"\/>\n\t<\/g>\n\t<g clip-path=\"url(#tribe-events-c-view-selector__list-item-icon-svg-1)\" class=\"tribe-common-c-svgicon__svg-fill\">\n\t\t\t<path fill-rule=\"evenodd\" clip-rule=\"evenodd\" d=\"M11.831 10.912v1.825c0 .505.409.913.913.913h1.825a.913.913 0 00.912-.912v-1.825A.913.913 0 0014.57 10h-1.825a.912.912 0 00-.913.912z\"\/>\n\t\t<path d=\"M8.028 13.66a.449.449 0 00.446-.448v-.364c0-.246-.2-.448-.446-.448h-4.13a.449.449 0 00-.447.448v.364c0 .246.201.448.447.448h4.13zM9.797 11.26a.449.449 0 00.447-.448v-.364c0-.246-.201-.448-.447-.448h-5.9a.449.449 0 00-.446.448v.364c0 .246.201.448.447.448h5.9z\"\/>\n\t<\/g>\n\t<defs>\n\t\t<clipPath id=\"tribe-events-c-view-selector__list-item-icon-svg-0\">\n\t\t\t<path transform=\"translate(3.451 4)\" d=\"M0 0h13v4H0z\"\/>\n\t\t<\/clipPath>\n\t\t<clipPath id=\"tribe-events-c-view-selector__list-item-icon-svg-1\">\n\t\t\t<path transform=\"translate(3.451 10)\" d=\"M0 0h13v4H0z\"\/>\n\t\t<\/clipPath>\n\t<\/defs>\n<\/svg>\n\t\t<\/span>\n\t\t<span class=\"tribe-events-c-view-selector__list-item-text\">\n\t\t\tListe\t\t<\/span>\n\t<\/a>\n<\/li>\n\t\t\t\t\t<li\n\t class=\"tribe-events-c-view-selector__list-item tribe-events-c-view-selector__list-item--month\" >\n\t<a\n\t\thref=\"https:\/\/www.logistik-telematik.de\/de\/veranstaltungen\/Monat\/?shortcode=7851b897\"\n\t\tclass=\"tribe-events-c-view-selector__list-item-link\"\n\t\tdata-js=\"tribe-events-view-link\"\n\t\taria-label=\"Zeige Veranstaltungen in der Monat Ansicht\"\n\t\t\t>\n\t\t<span class=\"tribe-events-c-view-selector__list-item-icon\">\n\t\t\t<svg\n\t class=\"tribe-common-c-svgicon tribe-common-c-svgicon--month tribe-events-c-view-selector__list-item-icon-svg\" \taria-hidden=\"true\"\n\tviewBox=\"0 0 18 19\"\n\txmlns=\"http:\/\/www.w3.org\/2000\/svg\"\n>\n\t<path fill-rule=\"evenodd\" clip-rule=\"evenodd\" d=\"M0 .991v17.04c0 .236.162.428.361.428h17.175c.2 0 .361-.192.361-.429V.991c0-.237-.162-.428-.361-.428H.36C.161.563 0 .754 0 .99zm.985.803H16.89v2.301H.985v-2.3zM16.89 5.223H.985v12H16.89v-12zM6.31 7.366v.857c0 .237.192.429.429.429h.857a.429.429 0 00.428-.429v-.857a.429.429 0 00-.428-.429H6.74a.429.429 0 00-.429.429zm3.429.857v-.857c0-.237.191-.429.428-.429h.857c.237 0 .429.192.429.429v.857a.429.429 0 01-.429.429h-.857a.429.429 0 01-.428-.429zm3.428-.857v.857c0 .237.192.429.429.429h.857a.429.429 0 00.428-.429v-.857a.429.429 0 00-.428-.429h-.857a.429.429 0 00-.429.429zm-6.857 4.286v-.858c0-.236.192-.428.429-.428h.857c.236 0 .428.192.428.428v.858a.429.429 0 01-.428.428H6.74a.429.429 0 01-.429-.428zm3.429-.858v.858c0 .236.191.428.428.428h.857a.429.429 0 00.429-.428v-.858a.429.429 0 00-.429-.428h-.857a.428.428 0 00-.428.428zm3.428.858v-.858c0-.236.192-.428.429-.428h.857c.236 0 .428.192.428.428v.858a.429.429 0 01-.428.428h-.857a.429.429 0 01-.429-.428zm-10.286-.858v.858c0 .236.192.428.429.428h.857a.429.429 0 00.429-.428v-.858a.429.429 0 00-.429-.428h-.857a.429.429 0 00-.429.428zm0 4.286v-.857c0-.237.192-.429.429-.429h.857c.237 0 .429.192.429.429v.857a.429.429 0 01-.429.429h-.857a.429.429 0 01-.429-.429zm3.429-.857v.857c0 .237.192.429.429.429h.857a.429.429 0 00.428-.429v-.857a.429.429 0 00-.428-.429H6.74a.429.429 0 00-.429.429zm3.429.857v-.857c0-.237.191-.429.428-.429h.857c.237 0 .429.192.429.429v.857a.429.429 0 01-.429.429h-.857a.429.429 0 01-.428-.429z\" class=\"tribe-common-c-svgicon__svg-fill\"\/>\n<\/svg>\n\t\t<\/span>\n\t\t<span class=\"tribe-events-c-view-selector__list-item-text\">\n\t\t\tMonat\t\t<\/span>\n\t<\/a>\n<\/li>\n\t\t\t\t\t<li\n\t class=\"tribe-events-c-view-selector__list-item tribe-events-c-view-selector__list-item--week\" >\n\t<a\n\t\thref=\"https:\/\/www.logistik-telematik.de\/de\/veranstaltungen\/Woche\/?shortcode=7851b897\"\n\t\tclass=\"tribe-events-c-view-selector__list-item-link\"\n\t\tdata-js=\"tribe-events-view-link\"\n\t\taria-label=\"Zeige Veranstaltungen in der Woche Ansicht\"\n\t\t\t>\n\t\t<span class=\"tribe-events-c-view-selector__list-item-icon\">\n\t\t\t<svg\n\t class=\"tribe-common-c-svgicon tribe-common-c-svgicon--week tribe-events-c-view-selector__list-item-icon-svg\" \taria-hidden=\"true\"\n\tviewBox=\"0 0 19 18\"\n\txmlns=\"http:\/\/www.w3.org\/2000\/svg\"\n>\n\t<path fill-rule=\"evenodd\" clip-rule=\"evenodd\" d=\"M.363.431V17.57c0 .238.163.431.363.431H18c.201 0 .364-.193.364-.431V.43c0-.238-.163-.431-.364-.431H.726c-.2 0-.363.193-.363.431zm.99.808h15.995v2.314H1.354V1.24zm15.995 3.449H1.354v12.07h15.994V4.687zM6.71 10.29v.862c0 .239.193.431.431.431h.862a.431.431 0 00.431-.43v-.863a.431.431 0 00-.43-.43H7.14a.431.431 0 00-.43.43zm3.448.862v-.862c0-.238.193-.43.431-.43h.862c.238 0 .431.192.431.43v.862a.431.431 0 01-.43.431h-.863a.431.431 0 01-.43-.43zm3.449-.862v.862c0 .239.193.431.43.431h.863a.431.431 0 00.43-.43v-.863a.431.431 0 00-.43-.43h-.862a.431.431 0 00-.431.43zm-10.345.862v-.862c0-.238.193-.43.43-.43h.863c.238 0 .43.192.43.43v.862a.431.431 0 01-.43.431h-.862a.431.431 0 01-.431-.43z\" class=\"tribe-common-c-svgicon__svg-fill\"\/>\n<\/svg>\n\t\t<\/span>\n\t\t<span class=\"tribe-events-c-view-selector__list-item-text\">\n\t\t\tWoche\t\t<\/span>\n\t<\/a>\n<\/li>\n\t\t\t<\/ul>\n<\/div>\n\t<\/div>\n<\/div>\n\n<\/div>\n\n\t<div class=\"tribe-events-c-top-bar tribe-events-header__top-bar\">\n\n\t<nav class=\"tribe-events-c-top-bar__nav tribe-common-a11y-hidden\" aria-label=\"Top Veranstaltungen Liste Paginierung\">\n\t<ul class=\"tribe-events-c-top-bar__nav-list\">\n\t\t<li class=\"tribe-events-c-top-bar__nav-list-item\">\n\t<a\n\t\thref=\"https:\/\/www.logistik-telematik.de\/de\/veranstaltungen\/Liste\/?rest_route=%2Fwp%2Fv2%2Fpages%2F1441&#038;shortcode=7851b897&#038;eventDisplay=past\"\n\t\tclass=\"tribe-common-c-btn-icon tribe-common-c-btn-icon--caret-left tribe-events-c-top-bar__nav-link tribe-events-c-top-bar__nav-link--prev\"\n\t\taria-label=\"Vorherige Veranstaltungen\"\n\t\ttitle=\"Vorherige Veranstaltungen\"\n\t\tdata-js=\"tribe-events-view-link\"\n\t>\n\t\t<svg\n\t class=\"tribe-common-c-svgicon tribe-common-c-svgicon--caret-left tribe-common-c-btn-icon__icon-svg tribe-events-c-top-bar__nav-link-icon-svg\" \taria-hidden=\"true\"\n\tviewBox=\"0 0 10 16\"\n\txmlns=\"http:\/\/www.w3.org\/2000\/svg\"\n>\n\t<path d=\"M9.7 14.4l-1.5 1.5L.3 8 8.2.1l1.5 1.5L3.3 8l6.4 6.4z\"\/>\n<\/svg>\n\t<\/a>\n<\/li>\n\n\t\t<li class=\"tribe-events-c-top-bar__nav-list-item\">\n\t<button\n\t\tclass=\"tribe-common-c-btn-icon tribe-common-c-btn-icon--caret-right tribe-events-c-top-bar__nav-link tribe-events-c-top-bar__nav-link--next\"\n\t\taria-label=\"N\u00e4chste Veranstaltungen\"\n\t\ttitle=\"N\u00e4chste Veranstaltungen\"\n\t\tdisabled\n\t>\n\t\t<svg\n\t class=\"tribe-common-c-svgicon tribe-common-c-svgicon--caret-right tribe-common-c-btn-icon__icon-svg tribe-events-c-top-bar__nav-link-icon-svg\" \taria-hidden=\"true\"\n\tviewBox=\"0 0 10 16\"\n\txmlns=\"http:\/\/www.w3.org\/2000\/svg\"\n>\n\t<path d=\"M.3 1.6L1.8.1 9.7 8l-7.9 7.9-1.5-1.5L6.7 8 .3 1.6z\"\/>\n<\/svg>\n\t<\/button>\n<\/li>\n\t<\/ul>\n<\/nav>\n\n\t<a\n\thref=\"https:\/\/www.logistik-telematik.de\/de\/veranstaltungen\/Liste\/?rest_route=%2Fwp%2Fv2%2Fpages%2F1441&#038;shortcode=7851b897\"\n\tclass=\"tribe-common-c-btn-border-small tribe-events-c-top-bar__today-button tribe-common-a11y-hidden\"\n\tdata-js=\"tribe-events-view-link\"\n\taria-description=\"Klicke, um das heutige Datum auszuw\u00e4hlen\"\n>\n\tHeute<\/a>\n\n\t<div class=\"tribe-events-c-top-bar__datepicker\">\n\t<button\n\t\tclass=\"tribe-common-c-btn__clear tribe-common-h3 tribe-common-h--alt tribe-events-c-top-bar__datepicker-button\"\n\t\tdata-js=\"tribe-events-top-bar-datepicker-button\"\n\t\ttype=\"button\"\n\t\taria-description=\"Klicke zum Umschalten des Datumw\u00e4hlers\"\n\t>\n\t\t<time\n\t\t\tdatetime=\"2026-05-01\"\n\t\t\tclass=\"tribe-events-c-top-bar__datepicker-time\"\n\t\t>\n\t\t\t\t\t\t\t<span class=\"tribe-events-c-top-bar__datepicker-mobile\">\n\t\t\t\t\tAnstehende\t\t\t\t<\/span>\n\t\t\t\t<span class=\"tribe-events-c-top-bar__datepicker-desktop tribe-common-a11y-hidden\">\n\t\t\t\t\tAnstehende\t\t\t\t<\/span>\n\t\t\t\t\t<\/time>\n\t\t\t\t<svg\n\t class=\"tribe-common-c-svgicon tribe-common-c-svgicon--caret-down tribe-events-c-top-bar__datepicker-button-icon-svg\" \taria-hidden=\"true\"\n\tviewBox=\"0 0 10 7\"\n\txmlns=\"http:\/\/www.w3.org\/2000\/svg\"\n>\n\t<path fill-rule=\"evenodd\" clip-rule=\"evenodd\" d=\"M1.008.609L5 4.6 8.992.61l.958.958L5 6.517.05 1.566l.958-.958z\" class=\"tribe-common-c-svgicon__svg-fill\"\/>\n<\/svg>\n\t<\/button>\n\t<label\n\t\tclass=\"tribe-events-c-top-bar__datepicker-label tribe-common-a11y-visual-hide\"\n\t\tfor=\"tribe-events-top-bar-date\"\n\t>\n\t\tDatum w\u00e4hlen.\t<\/label>\n\t<input\n\t\ttype=\"text\"\n\t\tclass=\"tribe-events-c-top-bar__datepicker-input tribe-common-a11y-visual-hide\"\n\t\tdata-js=\"tribe-events-top-bar-date\"\n\t\tid=\"tribe-events-top-bar-date\"\n\t\tname=\"tribe-events-views[tribe-bar-date]\"\n\t\tvalue=\"01.05.2026\"\n\t\ttabindex=\"-1\"\n\t\tautocomplete=\"off\"\n\t\treadonly=\"readonly\"\n\t\/>\n\t<div class=\"tribe-events-c-top-bar__datepicker-container\" data-js=\"tribe-events-top-bar-datepicker-container\"><\/div>\n\t<template class=\"tribe-events-c-top-bar__datepicker-template-prev-icon\">\n\t\t<svg\n\t class=\"tribe-common-c-svgicon tribe-common-c-svgicon--caret-left tribe-events-c-top-bar__datepicker-nav-icon-svg\" \taria-hidden=\"true\"\n\tviewBox=\"0 0 10 16\"\n\txmlns=\"http:\/\/www.w3.org\/2000\/svg\"\n>\n\t<path d=\"M9.7 14.4l-1.5 1.5L.3 8 8.2.1l1.5 1.5L3.3 8l6.4 6.4z\"\/>\n<\/svg>\n\t<\/template>\n\t<template class=\"tribe-events-c-top-bar__datepicker-template-next-icon\">\n\t\t<svg\n\t class=\"tribe-common-c-svgicon tribe-common-c-svgicon--caret-right tribe-events-c-top-bar__datepicker-nav-icon-svg\" \taria-hidden=\"true\"\n\tviewBox=\"0 0 10 16\"\n\txmlns=\"http:\/\/www.w3.org\/2000\/svg\"\n>\n\t<path d=\"M.3 1.6L1.8.1 9.7 8l-7.9 7.9-1.5-1.5L6.7 8 .3 1.6z\"\/>\n<\/svg>\n\t<\/template>\n<\/div>\n\n\t\n\t<div class=\"tribe-events-c-top-bar__actions tribe-common-a11y-hidden\">\n\t<\/div>\n\n<\/div>\n<\/header>\n\n\t\t\n\t\t<ul\n\t\t\tclass=\"tribe-events-calendar-list\"\n\t\t\taria-label=\"\n\t\t\tListe der Veranstaltungen\t\t\t\"\n\t\t>\n\n\t\t\t\n\t\t<\/ul>\n\n\t\t\n\t\t<div class=\"tribe-events-calendar-latest-past\">\n\n\t<h2 class=\"tribe-events-calendar-latest-past__heading tribe-common-h5 tribe-common-h3--min-medium\">\n\tVergangene Veranstaltungen<\/h2>\n\n\t\t\t\n\t\t<div  class=\"tribe-common-g-row tribe-events-calendar-latest-past__event-row\" >\n\n\t<div class=\"tribe-events-calendar-latest-past__event-date-tag tribe-common-g-col\">\n\t<time class=\"tribe-events-calendar-latest-past__event-date-tag-datetime\" datetime=\"2023-03-20\" aria-hidden=\"true\">\n\t\t<span class=\"tribe-events-calendar-latest-past__event-date-tag-month\">\n\t\t\tM\u00e4rz\t\t<\/span>\n\t\t<span class=\"tribe-events-calendar-latest-past__event-date-tag-daynum tribe-common-h5 tribe-common-h4--min-medium\">\n\t\t\t20\t\t<\/span>\n\t\t<span class=\"tribe-events-calendar-latest-past__event-date-tag-year\">\n\t\t\t2023\t\t<\/span>\n\t<\/time>\n<\/div>\n\n\t<div class=\"tribe-events-calendar-latest-past__event-wrapper tribe-common-g-col\">\n\t\t<article  class=\"tribe-events-calendar-latest-past__event tribe-common-g-row tribe-common-g-row--gutters post-1420 tribe_events type-tribe_events status-publish has-post-thumbnail hentry tribe_events_cat-referent-oliver-krahmer tribe_events_cat-webinar tribe_events_cat-webinar-lenkzeit cat_referent-oliver-krahmer cat_webinar cat_webinar-lenkzeit tribe-recurring-event tribe-recurring-event-parent\" >\n\t\t\t<div class=\"tribe-events-calendar-latest-past__event-featured-image-wrapper tribe-common-g-col\">\n\t<a\n\t\thref=\"https:\/\/www.logistik-telematik.de\/de\/veranstaltung\/tis-webinar-lenkzeit\/2023-03-20\/\"\n\t\ttitle=\"TIS Webinar | Lenk- und Ruhezeiten in TISLOG office Infodesk\"\n\t\trel=\"bookmark\"\n\t\tclass=\"tribe-events-calendar-latest-past__event-featured-image-link\"\n\t\ttabindex=\"-1\"\n\t\taria-hidden=\"true\"\n\t>\n\t\t<img\n\t\t\tsrc=\"https:\/\/www.logistik-telematik.de\/wp-content\/uploads\/2018\/12\/lenkzeit-DE.jpg\"\n\t\t\t\t\t\t\tsrcset=\"https:\/\/www.logistik-telematik.de\/wp-content\/uploads\/2018\/12\/lenkzeit-DE-300x149.jpg 300w, https:\/\/www.logistik-telematik.de\/wp-content\/uploads\/2018\/12\/lenkzeit-DE-768x380.jpg 768w, https:\/\/www.logistik-telematik.de\/wp-content\/uploads\/2018\/12\/lenkzeit-DE.jpg 1000w\"\n\t\t\t\t\t\t\t\t\t\talt=\"Kostenloses Webinar | Lenk- &amp; Ruhezeit in TISLOG office Infodesk\"\n\t\t\t\t\t\t\t\t\t\ttitle=\"lenkzeit-DE\"\n\t\t\t\t\t\tclass=\"tribe-events-calendar-latest-past__event-featured-image\"\n\t\t\t\t\t\t\twidth=\"1000\"\n\t\t\t\theight=\"495\"\n\t\t\t\t\t\/>\n\t<\/a>\n<\/div>\n\n\t\t\t<div class=\"tribe-events-calendar-latest-past__event-details tribe-common-g-col\">\n\n\t\t\t\t<header class=\"tribe-events-calendar-latest-past__event-header\">\n\t\t\t\t\t<div class=\"tribe-events-calendar-latest-past__event-datetime-wrapper tribe-common-b2\">\n\t\t<time class=\"tribe-events-calendar-latest-past__event-datetime\" datetime=\"2023-03-20\">\n\t\t<span class=\"tribe-event-date-start\">20. M\u00e4rz 2023 | 14:00<\/span> - <span class=\"tribe-event-time\">14:45<\/span> <span class='timezone'> CET <\/span>\t<\/time>\n\t<\/div>\n\t\t\t\t\t<h3 class=\"tribe-events-calendar-latest-past__event-title tribe-common-h6 tribe-common-h4--min-medium\">\n\t<a\n\t\thref=\"https:\/\/www.logistik-telematik.de\/de\/veranstaltung\/tis-webinar-lenkzeit\/2023-03-20\/\"\n\t\ttitle=\"TIS Webinar | Lenk- und Ruhezeiten in TISLOG office Infodesk\"\n\t\trel=\"bookmark\"\n\t\tclass=\"tribe-events-calendar-latest-past__event-title-link tribe-common-anchor-thin\"\n\t>\n\t\tTIS Webinar | Lenk- und Ruhezeiten in TISLOG office Infodesk\t<\/a>\n<\/h3>\n\t\t\t\t\t\t\t\t\t<\/header>\n\n\t\t\t\t<div class=\"tribe-events-calendar-latest-past__event-description tribe-common-b2 tribe-common-a11y-hidden\">\n\t<p><em>Unsere Webinare finden ONLINE statt und sind <strong>KOSTENFREI!<\/strong><\/em><br \/>\nLenk- und Ruhezeiten unterliegen bestimmten Regeln, die Fahrer einhalten m\u00fcssen. Halter bzw. Unternehmer sind verpflichtet, dies zu \u00fcberpr\u00fcfen und gegebenenfalls erforderliche Ma\u00dfnahmen zu ergreifen. Welche Regeln genau beachtet werden m\u00fcssen und wie das TISLOG office Tachoarchiv Sie dabei unterst\u00fctzt, die Einhaltung der Lenk- und Ruhezeiten zu \u00fcberpr\u00fcfen und die Daten zu archivieren, das erfahren Sie in unserem kostenlosen Webinar.<\/p>\n<\/div>\n\t\t\t\t\n\t\t\t<\/div>\n\t\t<\/article>\n\t<\/div>\n\n<\/div>\n\n\t\n<\/div>\n\n\t\t\n\t<\/section>\n<\/div>\n\n<script data-js='tribe-events-view-nonce-data' type='application\/json'>{\"tvn1\":\"40bc9432e3\",\"tvn2\":\"\"}<\/script>\n\t\t\t\t\t<h4>\n\t\t\t\t\t\t\t\t\t\t\t\tSo funktioniert die Anmeldung\n\t\t\t\t\t\t\t\t\t\t\t<\/h4>\n\t\t\t\t\t<div class=\"fl-builder-content fl-builder-content-203 fl-builder-template fl-builder-row-template fl-builder-global-templates-locked\" data-post-id=\"203\"><div class=\"fl-row fl-row-fixed-width fl-row-bg-none fl-node-5b5a32a02d3ec fl-row-default-height fl-row-align-center\" data-node=\"5b5a32a02d3ec\">\n\t<div class=\"fl-row-content-wrap\">\n\t\t\t\t\t\t\t\t<div class=\"fl-row-content fl-row-fixed-width fl-node-content\">\n\t\t\n<div class=\"fl-col-group fl-node-5b5a32a02d343\" data-node=\"5b5a32a02d343\">\n\t\t\t<div class=\"fl-col fl-node-5b5a32a02d37d fl-col-bg-color\" data-node=\"5b5a32a02d37d\">\n\t<div class=\"fl-col-content fl-node-content\"><div class=\"fl-module fl-module-rich-text fl-node-5b5a32a02d3b5\" data-node=\"5b5a32a02d3b5\">\n\t<div class=\"fl-module-content fl-node-content\">\n\t\t<div class=\"fl-rich-text\">\n\t<p>Unsere Webinare finden \u00fcber die Plattform <a href=\"https:\/\/zoom.us\/\" target=\"_blank\" rel=\"noopener\">Zoom<\/a> im Internet statt. Sie nehmen teil, indem Sie sich von Ihrem eigenen PC aus <a href=\"https:\/\/zoom.us\/join\">in einen virtuellen Seminarraum einloggen<\/a>. Dort h\u00f6ren Sie den Referenten und bekommen wichtige Schaubilder eingeblendet. Sie bekommen auch die M\u00f6glichkeit, Fragen an den Referenten zu stellen.<\/p>\n<p>Um an der Zoom-Sitzung teilzunehmen, k\u00f6nnen Sie den <a href=\"https:\/\/zoom.us\/download\" target=\"_blank\" rel=\"noopener\">Zoom Desktop-Client herunterladen und installieren<\/a> oder direkt Ihren Browser benutzen.<br \/>\nBitte beachten Sie, dass dazu ggf. Hilfe aus Ihrer IT-Abteilung n\u00f6tig sein k\u00f6nnte, falls Sie keine Berechtigung f\u00fcr Installationen haben sollten.<br \/>\nUm p\u00fcnktlich am Meeting teilnehmen zu k\u00f6nnen, empfehlen wir, die Installation rechtzeitig vorzunehmen.<\/p>\n<p>Anleitung f\u00fcr die Teilnahme an Zoom-Webinaren:<br \/>\n<a href=\"https:\/\/support.zoom.us\/hc\/de\/articles\/201362193-An-einem-Meeting-teilnehmen#:~:text=Gehen%20Sie%20zu%20join.zoom,%C3%B6ffnen%2C%20um%20am%20Meeting%20teilzunehmen.\">An einem Meeting teilnehmen \u2013 Zoom Help Center<\/a><\/p>\n<p>Zoom-Webinar als Audiokonferenz beitreten (beispielsweise wenn der PC keine Lautsprecher hat):<br \/>\n<a href=\"https:\/\/support.zoom.us\/hc\/de\/articles\/201362663-Per-Telefon-an-einem-Meeting-teilnehmen\">Per Telefon an einem Meeting teilnehmen \u2013 Zoom Help Center<\/a><\/p>\n<p class=\"p1\">F\u00fcr die Ton\u00fcbertragung m\u00fcssen Lautsprecher oder Kopfh\u00f6rer an Ihrem PC angeschlossen sein! Bitte l\u00f6schen Sie Ihren Cache und nutzen Sie aktuelle Browser-Versionen von Chrome oder Firefox f\u00fcr unsere Onlineseminare. Im Anschlu\u00df an das Webinar bekommen Sie auf Wunsch die gezeigten Webinar-Unterlagen per Email zugeschickt.<\/p>\n<p><strong>Bitte melden Sie Ihre Teilnahme an!<\/strong><\/p>\n<p>Jeder Teilnehmer muss mit einer eigenen E-Mailadresse einzeln angemeldet werden.<br \/>\nBitte beachten Sie, dass Sie mit Ihrer Anmeldung einwilligen, weitere Informationen von uns \u00fcber das aktuelle und k\u00fcnftige Webinare zu erhalten.<br \/>\nDiese Einwilligung k\u00f6nnen Sie selbstverst\u00e4ndlich jederzeit schriftlich per E-Mail an\u00a0<a href=\"mailto:marketing@tis-gmbh.de\">marketing@tis-gmbh.de<\/a>\u00a0widerrufen.<\/p>\n<p>Nutzen Sie f\u00fcr Ihre Anmeldung bitte das\u00a0Anmeldeformular\u00a0direkt auf der Seite des jeweiligen Webinars, an dem Sie teilnehmen m\u00f6chten.<br \/>\nEine Anmeldung ist bis 2 Tage vor Webinarbeginn m\u00f6glich.<\/p>\n<p class=\"p1\">Ein bis zwei Tage vor dem Webinar erhalten angemeldete Teilnehmer von uns die Zugangsdaten und Informationen zum Log-In per E-Mail zugestellt.<\/p>\n<p>Sollten Sie sich bereits angemeldet haben, diese Teilnahme-Einladung jedoch NICHT bis zum Vortag des Webinars erhalten haben, \u00fcberpr\u00fcfen Sie bitte auch Ihren SPAM-Filter oder\u00a0melden Sie sich bitte erneut an.<\/p>\n<\/div>\n\t<\/div>\n<\/div>\n<\/div>\n<\/div>\n\t<\/div>\n\n<div class=\"fl-col-group fl-node-5b5a32f89d6aa\" data-node=\"5b5a32f89d6aa\">\n\t\t\t<div class=\"fl-col fl-node-5b5a32f89ee7a fl-col-bg-color fl-col-small\" data-node=\"5b5a32f89ee7a\">\n\t<div class=\"fl-col-content fl-node-content\"><div class=\"fl-module fl-module-info-box fl-node-5b5a33180d433\" data-node=\"5b5a33180d433\">\n\t<div class=\"fl-module-content fl-node-content\">\n\t\t<div class=\"uabb-module-content uabb-infobox infobox-left \">\n\t<div class=\"uabb-infobox-left-right-wrap\">\n\t<div class=\"uabb-infobox-content\">\n\t\t\t<div class='uabb-infobox-title-wrap'><h3 class=\"uabb-infobox-title\">Haben Sie noch Fragen?<\/h3><\/div>\t\t\t<div class=\"uabb-infobox-text-wrap\">\n\t\t\t\t<div class=\"uabb-infobox-text uabb-text-editor\"><p>Kontaktieren Sie uns. Wir helfen gern weiter.<\/p>\n<\/div><div class=\"uabb-infobox-button\">\n<div class=\"uabb-module-content uabb-button-wrap uabb-creative-button-wrap uabb-button-width-auto uabb-creative-button-width-auto\">\n\t\t\t<a href=\"#\" title=\"Hier klicken\" target=\"_self\"  class=\"uabb-button  uabb-creative-button uabb-creative-flat-btn  uabb-none-btn  \"  role=\"button\" aria-label=\"TIS kontaktieren\">\n\t\t\t\t\t\t\t<span class=\"uabb-button-text uabb-creative-button-text\">TIS kontaktieren<\/span>\n\t\t\t\t\t\t\t\n\t\t\t\t\t\t\n\t\t<\/a>\n\t<\/div>\n\n\n\n\n<\/div>\t\t\t<\/div>\n\t\t\t\t\t\t<\/div>\t<\/div>\n<\/div>\n\t<\/div>\n<\/div>\n<\/div>\n<\/div>\n\t\t\t<div class=\"fl-col fl-node-5b5a337f45890 fl-col-bg-color fl-col-small\" data-node=\"5b5a337f45890\">\n\t<div class=\"fl-col-content fl-node-content\"><\/div>\n<\/div>\n\t<\/div>\n\t\t<\/div>\n\t<\/div>\n<\/div>\n<\/div><div class=\"uabb-js-breakpoint\" style=\"display: none;\"><\/div>\t\t\t\t\n\t\t\t\t\t<!-- \/content -->\n\t<!-- \/tabs -->\n\t\t\t<h5>Referent<\/h5><h3>Oliver Krahmer<\/h3>\t\t\n\t\t\t\t<img decoding=\"async\" src=\"https:\/\/www.logistik-telematik.de\/wp-content\/uploads\/2018\/12\/oliver-krahmer-2.png\" alt=\"oliver-krahmer-2\" title=\"oliver-krahmer-2\" itemprop=\"image\"\/>\n\t\t\t\t<p>TIS GmbH Vertrieb<\/p>\n\t\t\t<a href=\"https:\/\/www.logistik-telematik.de\/de\/webinar-referent-der-tis-gmbh-oliver-krahmer\/\" target=\"_self\" role=\"button\" aria-label=\"Mehr erfahren\" rel=\"noopener\">\n\t\t\t\t\t\t\tMehr erfahren\n\t\t<\/a>\n<h3>\n\t\tWeitere Webinare\n\t<\/h3>\n\t\t\t\t\t<ul id=\"menu-de-menue-webinare\"><li id=\"menu-item-3606\"><a href=\"https:\/\/www.logistik-telematik.de\/de\/tis-webinar-logistik-hardware-und-zubehoer-von-tis\/\">Logistik-Hardware und Zubeh\u00f6r von TIS<\/a><\/li>\n<li id=\"menu-item-3653\"><a href=\"https:\/\/www.logistik-telematik.de\/de\/tis-webinar-papierarmes-arbeiten-mit-tislog\/\">Papierarmes Arbeiten mit TISLOG<\/a><\/li>\n<li id=\"menu-item-3717\"><a href=\"https:\/\/www.logistik-telematik.de\/de\/tis-webinar-lademittelverwaltung-in-tislog\/\">Lademittelverwaltung in TISLOG<\/a><\/li>\n<li id=\"menu-item-2562\"><a href=\"https:\/\/www.logistik-telematik.de\/de\/tis-webinar-tislog-inventarliste-und-reparaturanmeldung\/\">TISLOG Inventarliste und Reparaturanmeldung<\/a><\/li>\n<li id=\"menu-item-2693\"><a href=\"https:\/\/www.logistik-telematik.de\/de\/tis-webinar-fuehrerscheinkontrolle\/\">F\u00fchrerscheinkontrolle<\/a><\/li>\n<li id=\"menu-item-1172\"><a href=\"https:\/\/www.logistik-telematik.de\/de\/tis-webinar-disposition\/\">Disposition<\/a><\/li>\n<li id=\"menu-item-1079\"><a href=\"https:\/\/www.logistik-telematik.de\/de\/tis-webinar-tislog-mobile-smart\/\">TISLOG mobile Smart<\/a><\/li>\n<li id=\"menu-item-1080\"><a href=\"https:\/\/www.logistik-telematik.de\/de\/tis-webinar-tislog-office-infodesk2go\/\">TISLOG office Infodesk2Go<\/a><\/li>\n<li id=\"menu-item-1081\"><a href=\"https:\/\/www.logistik-telematik.de\/de\/tis-webinar-tislog-office-statistiken\/\">TISLOG office &#8211; Statistiken<\/a><\/li>\n<li id=\"menu-item-1082\"><a href=\"https:\/\/www.logistik-telematik.de\/de\/tis-webinar-abfahrtkontrolle\/\">Abfahrtkontrolle<\/a><\/li>\n<li id=\"menu-item-1083\"><a href=\"https:\/\/www.logistik-telematik.de\/de\/tis-webinar-tislog-intra-beladescannung\/\">TISLOG intra &#8211; Beladescannung<\/a><\/li>\n<li id=\"menu-item-1084\"><a href=\"https:\/\/www.logistik-telematik.de\/de\/tis-webinar-eta-und-ankunftsmonitor-unterschaetzte-funktionen-in-tislog-office-infodesk\/\">ETA und Ankunftsmonitor<\/a><\/li>\n<li id=\"menu-item-1085\"><a href=\"https:\/\/www.logistik-telematik.de\/de\/tis-webinar-neue-kartenfunktionen-in-tislog-office-infodesk\/\">Neue Kartenfunktionen in TISLOG office Infodesk<\/a><\/li>\n<li id=\"menu-item-1086\"><a href=\"https:\/\/www.logistik-telematik.de\/de\/tis-webinar-tislog-office-infodesk-fuer-einsteiger\/\">TISLOG office Infodesk f\u00fcr Einsteiger<\/a><\/li>\n<li id=\"menu-item-1445\"><a href=\"https:\/\/www.logistik-telematik.de\/de\/tis-webinar-lenk-und-ruhezeiten\/\">Lenk- und Ruhezeiten<\/a><\/li>\n<li id=\"menu-item-1446\"><a href=\"https:\/\/www.logistik-telematik.de\/de\/tis-webinar-tisplus-telematicbox-truck\/\">TISPLUS telematicbox Truck<\/a><\/li>\n<li id=\"menu-item-2748\"><a href=\"https:\/\/www.logistik-telematik.de\/de\/tis-webinar-zusatzfunktionen-in-tislog-office\/\">Mehrwerte in TISLOG office<\/a><\/li>\n<li id=\"menu-item-2757\"><a href=\"https:\/\/www.logistik-telematik.de\/de\/tis-webinar-tachoarchiv\/\">Tachoarchiv<\/a><\/li>\n<li id=\"menu-item-2758\"><a href=\"https:\/\/www.logistik-telematik.de\/de\/tis-webinar-tacho-4-0-was-man-wissen-sollte\/\">Tacho 4.0 &#8211; was man wissen sollte<\/a><\/li>\n<\/ul>\t\n\t<h3>\n\t\tDiese Webinare k\u00f6nnten Sie ebenfalls interessieren\n\t<\/h3>\n\t<script data-js='tribe-events-view-nonce-data' type='application\/json'>{\"tvn1\":\"40bc9432e3\",\"tvn2\":\"\"}<\/script>\n\t\t\t\t<img decoding=\"async\" alt=\"\" src=\"https:\/\/www.logistik-telematik.de\/wp-content\/uploads\/2018\/07\/tislog-1-3.jpg\"\/>\n\t\t<h2>TISLOG<br \/>Logistics &#038; Mobility<\/h2>\n\t\t\t<p>Logistiksoftware f\u00fcr Ihr mobiles Auftragsmanagement<\/p>\n\t\t\t<a href=\"https:\/\/www.logistik-telematik.de\/de\/die-software-tislog-logistics-mobility\/\" target=\"_self\" role=\"button\" aria-label=\"Mehr \u00fcber TISLOG erfahren\" rel=\"noopener\">\n\t\t\t\t\t\t\tMehr \u00fcber TISLOG erfahren\n\t\t<\/a>\n\n","protected":false},"excerpt":{"rendered":"<p><em>Unsere Webinare finden ONLINE statt und sind <strong>KOSTENFREI!<\/strong><\/em><br \/>\nLenk- und Ruhezeiten unterliegen bestimmten Regeln, die Fahrer einhalten m\u00fcssen. Halter bzw. Unternehmer sind verpflichtet, dies zu \u00fcberpr\u00fcfen und gegebenenfalls erforderliche Ma\u00dfnahmen zu ergreifen. Welche Regeln genau beachtet werden m\u00fcssen und wie das TISLOG office Tachoarchiv Sie dabei unterst\u00fctzt, die Einhaltung der Lenk- und Ruhezeiten zu \u00fcberpr\u00fcfen und die Daten zu archivieren, das erfahren Sie in unserem kostenlosen Webinar.<\/p>\n","protected":false},"author":1,"featured_media":1774,"parent":0,"menu_order":0,"comment_status":"closed","ping_status":"closed","template":"","meta":{"footnotes":""},"class_list":["post-1441","page","type-page","status-publish","has-post-thumbnail","hentry","cat_referent-oliver-krahmer","cat_webinar","cat_webinar-lenkzeit"],"yoast_head":"<!-- This site is optimized with the Yoast SEO plugin v27.5 - https:\/\/yoast.com\/product\/yoast-seo-wordpress\/ -->\n<title>Webinar der TIS GmbH: Lenkzeit und Ruhezeit | TISLOG Software<\/title>\n<meta name=\"description\" content=\"In diesem Webinar stellen wir Ihnen die Funktion Lenk- und Ruhezeiten f\u00fcr unsere Software TISLOG office Infodesk vor. Mehr erfahren!\" \/>\n<meta name=\"robots\" content=\"index, follow, max-snippet:-1, max-image-preview:large, max-video-preview:-1\" \/>\n<link rel=\"canonical\" href=\"https:\/\/www.logistik-telematik.de\/de\/tis-webinar-lenk-und-ruhezeiten\/\" \/>\n<meta property=\"og:locale\" content=\"de_DE\" \/>\n<meta property=\"og:type\" content=\"article\" \/>\n<meta property=\"og:title\" content=\"Webinar der TIS GmbH: Lenkzeit und Ruhezeit | TISLOG Software\" \/>\n<meta property=\"og:description\" content=\"In diesem Webinar stellen wir Ihnen die Funktion Lenk- und Ruhezeiten f\u00fcr unsere Software TISLOG office Infodesk vor. Mehr erfahren!\" \/>\n<meta property=\"og:url\" content=\"https:\/\/www.logistik-telematik.de\/de\/tis-webinar-lenk-und-ruhezeiten\/\" \/>\n<meta property=\"og:site_name\" content=\"Webinare und Schulungen der TIS GmbH\" \/>\n<meta property=\"article:modified_time\" content=\"2021-10-05T07:54:29+00:00\" \/>\n<meta property=\"og:image\" content=\"https:\/\/www.logistik-telematik.de\/wp-content\/uploads\/2018\/12\/lenkzeit-DE.jpg\" \/>\n\t<meta property=\"og:image:width\" content=\"1000\" \/>\n\t<meta property=\"og:image:height\" content=\"495\" \/>\n\t<meta property=\"og:image:type\" content=\"image\/jpeg\" \/>\n<meta name=\"twitter:card\" content=\"summary_large_image\" \/>\n<meta name=\"twitter:label1\" content=\"Gesch\u00e4tzte Lesezeit\" \/>\n\t<meta name=\"twitter:data1\" content=\"2\u00a0Minuten\" \/>\n<script type=\"application\/ld+json\" class=\"yoast-schema-graph\">{\"@context\":\"https:\\\/\\\/schema.org\",\"@graph\":[{\"@type\":\"WebPage\",\"@id\":\"https:\\\/\\\/www.logistik-telematik.de\\\/de\\\/tis-webinar-lenk-und-ruhezeiten\\\/\",\"url\":\"https:\\\/\\\/www.logistik-telematik.de\\\/de\\\/tis-webinar-lenk-und-ruhezeiten\\\/\",\"name\":\"Webinar der TIS GmbH: Lenkzeit und Ruhezeit | TISLOG Software\",\"isPartOf\":{\"@id\":\"https:\\\/\\\/www.logistik-telematik.de\\\/#website\"},\"primaryImageOfPage\":{\"@id\":\"https:\\\/\\\/www.logistik-telematik.de\\\/de\\\/tis-webinar-lenk-und-ruhezeiten\\\/#primaryimage\"},\"image\":{\"@id\":\"https:\\\/\\\/www.logistik-telematik.de\\\/de\\\/tis-webinar-lenk-und-ruhezeiten\\\/#primaryimage\"},\"thumbnailUrl\":\"https:\\\/\\\/www.logistik-telematik.de\\\/wp-content\\\/uploads\\\/2018\\\/12\\\/lenkzeit-DE.jpg\",\"datePublished\":\"2018-12-16T02:55:18+00:00\",\"dateModified\":\"2021-10-05T07:54:29+00:00\",\"description\":\"In diesem Webinar stellen wir Ihnen die Funktion Lenk- und Ruhezeiten f\u00fcr unsere Software TISLOG office Infodesk vor. Mehr erfahren!\",\"breadcrumb\":{\"@id\":\"https:\\\/\\\/www.logistik-telematik.de\\\/de\\\/tis-webinar-lenk-und-ruhezeiten\\\/#breadcrumb\"},\"inLanguage\":\"de\",\"potentialAction\":[{\"@type\":\"ReadAction\",\"target\":[\"https:\\\/\\\/www.logistik-telematik.de\\\/de\\\/tis-webinar-lenk-und-ruhezeiten\\\/\"]}]},{\"@type\":\"ImageObject\",\"inLanguage\":\"de\",\"@id\":\"https:\\\/\\\/www.logistik-telematik.de\\\/de\\\/tis-webinar-lenk-und-ruhezeiten\\\/#primaryimage\",\"url\":\"https:\\\/\\\/www.logistik-telematik.de\\\/wp-content\\\/uploads\\\/2018\\\/12\\\/lenkzeit-DE.jpg\",\"contentUrl\":\"https:\\\/\\\/www.logistik-telematik.de\\\/wp-content\\\/uploads\\\/2018\\\/12\\\/lenkzeit-DE.jpg\",\"width\":1000,\"height\":495,\"caption\":\"Kostenloses Webinar | Lenk- & Ruhezeit in TISLOG office Infodesk\"},{\"@type\":\"BreadcrumbList\",\"@id\":\"https:\\\/\\\/www.logistik-telematik.de\\\/de\\\/tis-webinar-lenk-und-ruhezeiten\\\/#breadcrumb\",\"itemListElement\":[{\"@type\":\"ListItem\",\"position\":1,\"name\":\"Home\",\"item\":\"https:\\\/\\\/www.logistik-telematik.de\\\/de\\\/\"},{\"@type\":\"ListItem\",\"position\":2,\"name\":\"TIS-Webinar: Lenk- und Ruhezeiten in TISLOG office Infodesk\"}]},{\"@type\":\"WebSite\",\"@id\":\"https:\\\/\\\/www.logistik-telematik.de\\\/#website\",\"url\":\"https:\\\/\\\/www.logistik-telematik.de\\\/\",\"name\":\"Webinare und Schulungen der TIS GmbH\",\"description\":\"My WordPress Blog\",\"potentialAction\":[{\"@type\":\"SearchAction\",\"target\":{\"@type\":\"EntryPoint\",\"urlTemplate\":\"https:\\\/\\\/www.logistik-telematik.de\\\/?s={search_term_string}\"},\"query-input\":{\"@type\":\"PropertyValueSpecification\",\"valueRequired\":true,\"valueName\":\"search_term_string\"}}],\"inLanguage\":\"de\"}]}<\/script>\n<!-- \/ Yoast SEO plugin. -->","yoast_head_json":{"title":"Webinar der TIS GmbH: Lenkzeit und Ruhezeit | TISLOG Software","description":"In diesem Webinar stellen wir Ihnen die Funktion Lenk- und Ruhezeiten f\u00fcr unsere Software TISLOG office Infodesk vor. Mehr erfahren!","robots":{"index":"index","follow":"follow","max-snippet":"max-snippet:-1","max-image-preview":"max-image-preview:large","max-video-preview":"max-video-preview:-1"},"canonical":"https:\/\/www.logistik-telematik.de\/de\/tis-webinar-lenk-und-ruhezeiten\/","og_locale":"de_DE","og_type":"article","og_title":"Webinar der TIS GmbH: Lenkzeit und Ruhezeit | TISLOG Software","og_description":"In diesem Webinar stellen wir Ihnen die Funktion Lenk- und Ruhezeiten f\u00fcr unsere Software TISLOG office Infodesk vor. Mehr erfahren!","og_url":"https:\/\/www.logistik-telematik.de\/de\/tis-webinar-lenk-und-ruhezeiten\/","og_site_name":"Webinare und Schulungen der TIS GmbH","article_modified_time":"2021-10-05T07:54:29+00:00","og_image":[{"width":1000,"height":495,"url":"https:\/\/www.logistik-telematik.de\/wp-content\/uploads\/2018\/12\/lenkzeit-DE.jpg","type":"image\/jpeg"}],"twitter_card":"summary_large_image","twitter_misc":{"Gesch\u00e4tzte Lesezeit":"2\u00a0Minuten"},"schema":{"@context":"https:\/\/schema.org","@graph":[{"@type":"WebPage","@id":"https:\/\/www.logistik-telematik.de\/de\/tis-webinar-lenk-und-ruhezeiten\/","url":"https:\/\/www.logistik-telematik.de\/de\/tis-webinar-lenk-und-ruhezeiten\/","name":"Webinar der TIS GmbH: Lenkzeit und Ruhezeit | TISLOG Software","isPartOf":{"@id":"https:\/\/www.logistik-telematik.de\/#website"},"primaryImageOfPage":{"@id":"https:\/\/www.logistik-telematik.de\/de\/tis-webinar-lenk-und-ruhezeiten\/#primaryimage"},"image":{"@id":"https:\/\/www.logistik-telematik.de\/de\/tis-webinar-lenk-und-ruhezeiten\/#primaryimage"},"thumbnailUrl":"https:\/\/www.logistik-telematik.de\/wp-content\/uploads\/2018\/12\/lenkzeit-DE.jpg","datePublished":"2018-12-16T02:55:18+00:00","dateModified":"2021-10-05T07:54:29+00:00","description":"In diesem Webinar stellen wir Ihnen die Funktion Lenk- und Ruhezeiten f\u00fcr unsere Software TISLOG office Infodesk vor. Mehr erfahren!","breadcrumb":{"@id":"https:\/\/www.logistik-telematik.de\/de\/tis-webinar-lenk-und-ruhezeiten\/#breadcrumb"},"inLanguage":"de","potentialAction":[{"@type":"ReadAction","target":["https:\/\/www.logistik-telematik.de\/de\/tis-webinar-lenk-und-ruhezeiten\/"]}]},{"@type":"ImageObject","inLanguage":"de","@id":"https:\/\/www.logistik-telematik.de\/de\/tis-webinar-lenk-und-ruhezeiten\/#primaryimage","url":"https:\/\/www.logistik-telematik.de\/wp-content\/uploads\/2018\/12\/lenkzeit-DE.jpg","contentUrl":"https:\/\/www.logistik-telematik.de\/wp-content\/uploads\/2018\/12\/lenkzeit-DE.jpg","width":1000,"height":495,"caption":"Kostenloses Webinar | Lenk- & Ruhezeit in TISLOG office Infodesk"},{"@type":"BreadcrumbList","@id":"https:\/\/www.logistik-telematik.de\/de\/tis-webinar-lenk-und-ruhezeiten\/#breadcrumb","itemListElement":[{"@type":"ListItem","position":1,"name":"Home","item":"https:\/\/www.logistik-telematik.de\/de\/"},{"@type":"ListItem","position":2,"name":"TIS-Webinar: Lenk- und Ruhezeiten in TISLOG office Infodesk"}]},{"@type":"WebSite","@id":"https:\/\/www.logistik-telematik.de\/#website","url":"https:\/\/www.logistik-telematik.de\/","name":"Webinare und Schulungen der TIS GmbH","description":"My WordPress Blog","potentialAction":[{"@type":"SearchAction","target":{"@type":"EntryPoint","urlTemplate":"https:\/\/www.logistik-telematik.de\/?s={search_term_string}"},"query-input":{"@type":"PropertyValueSpecification","valueRequired":true,"valueName":"search_term_string"}}],"inLanguage":"de"}]}},"_links":{"self":[{"href":"https:\/\/www.logistik-telematik.de\/de\/wp-json\/wp\/v2\/pages\/1441","targetHints":{"allow":["GET"]}}],"collection":[{"href":"https:\/\/www.logistik-telematik.de\/de\/wp-json\/wp\/v2\/pages"}],"about":[{"href":"https:\/\/www.logistik-telematik.de\/de\/wp-json\/wp\/v2\/types\/page"}],"author":[{"embeddable":true,"href":"https:\/\/www.logistik-telematik.de\/de\/wp-json\/wp\/v2\/users\/1"}],"replies":[{"embeddable":true,"href":"https:\/\/www.logistik-telematik.de\/de\/wp-json\/wp\/v2\/comments?post=1441"}],"version-history":[{"count":13,"href":"https:\/\/www.logistik-telematik.de\/de\/wp-json\/wp\/v2\/pages\/1441\/revisions"}],"predecessor-version":[{"id":4575,"href":"https:\/\/www.logistik-telematik.de\/de\/wp-json\/wp\/v2\/pages\/1441\/revisions\/4575"}],"wp:featuredmedia":[{"embeddable":true,"href":"https:\/\/www.logistik-telematik.de\/de\/wp-json\/wp\/v2\/media\/1774"}],"wp:attachment":[{"href":"https:\/\/www.logistik-telematik.de\/de\/wp-json\/wp\/v2\/media?parent=1441"}],"curies":[{"name":"wp","href":"https:\/\/api.w.org\/{rel}","templated":true}]}}