{"id":116,"date":"2018-07-26T17:56:22","date_gmt":"2018-07-26T15:56:22","guid":{"rendered":"https:\/\/www.logistik-telematik.de\/?page_id=116"},"modified":"2026-03-17T16:38:54","modified_gmt":"2026-03-17T15:38:54","slug":"die-webinar-referenten","status":"publish","type":"page","link":"https:\/\/www.logistik-telematik.de\/de\/die-webinar-referenten\/","title":{"rendered":"Die Webinar-Referenten"},"content":{"rendered":"\n\n\t\t\t\t<img decoding=\"async\" src=\"https:\/\/www.logistik-telematik.de\/wp-content\/uploads\/2023\/01\/josef-bielefeld2.png\" alt=\"Josef Bielefeld | Gr\u00fcnder der TIS GmbH\" title=\"josef-bielefeld2\" itemprop=\"image\"\/>\n\t\t\t<h2>Josef Bielefeld<\/h2><h4>Gr\u00fcnder der TIS GmbH<\/h4>\n\t\t\t\t<p>Josef Bielefeld ist Gr\u00fcnder und Inhaber der TIS GmbH. Ende 2016 hat er die Gesch\u00e4ftsf\u00fchrung abgegeben und k\u00fcmmert sich seitdem beratend um die Dokumentation und die Weiterentwicklung unserer Telematik-Software.<\/p>\n\t\t\t<a href=\"https:\/\/www.logistik-telematik.de\/de\/webinar-referent-und-schulungsleiter-der-tis-gmbh-josef-bielefeld\/\" title=\"Hier klicken\" target=\"_self\"   role=\"button\" aria-label=\"Mehr \u00fcber diesen Referenten\">\n\t\t\t\t\t\t\tMehr \u00fcber diesen Referenten\n\t\t<\/a>\n\t\t\t\t<img decoding=\"async\" src=\"https:\/\/www.logistik-telematik.de\/wp-content\/uploads\/2019\/12\/tobias-enge2.png\" alt=\"Tobias Enge | TIS GmbH\" title=\"tobias-enge2\" itemprop=\"image\"\/>\n\t\t\t<h2>Tobias Enge<\/h2><h4>Vertrieb bei der TIS GmbH<\/h4>\n<p>Tobias Enge ist Informatikkaufmann und arbeitet seit 2017 bei der TIS GmbH. Ende 2019 ist er in den TIS-Vertrieb gewechselt und nutzt seine Software-Expertise f\u00fcr die Beratung von Neukunden.<\/p>\n\t\t\t<a href=\"https:\/\/www.logistik-telematik.de\/de\/webinar-referent-der-tis-gmbh-tobias-enge\/\" title=\"Hier klicken\" target=\"_self\"   role=\"button\" aria-label=\"Mehr \u00fcber diesen Referenten\">\n\t\t\t\t\t\t\tMehr \u00fcber diesen Referenten\n\t\t<\/a>\n\t\t\t\t<img decoding=\"async\" src=\"https:\/\/www.logistik-telematik.de\/wp-content\/uploads\/2018\/12\/oliver-krahmer-2.png\" alt=\"oliver-krahmer-2\" title=\"oliver-krahmer-2\" itemprop=\"image\"\/>\n\t\t\t<h2>Oliver Krahmer<\/h2><h4>Vertrieb und das Projektmanagement bei der TIS GmbH<\/h4>\n<p>Oliver Krahmer vest\u00e4rkt seit Ende 2018 den Vertrieb und das Projektmanagement bei TIS. Der gelernte Speditionskaufmann und technische Betriebswirt (IHK) sammelt seit 30 Jahren Erfahrungen in der Telematik- und Logistikbranche.<\/p>\n\t\t\t<a href=\"https:\/\/www.logistik-telematik.de\/de\/webinar-referent-der-tis-gmbh-oliver-krahmer\/\" title=\"Hier klicken\" target=\"_self\"   role=\"button\" aria-label=\"Mehr \u00fcber diesen Referenten\">\n\t\t\t\t\t\t\tMehr \u00fcber diesen Referenten\n\t\t<\/a>\n\t\t\t\t<img decoding=\"async\" src=\"https:\/\/www.logistik-telematik.de\/wp-content\/uploads\/2023\/01\/christian-linke.png\" alt=\"christian-linke\" title=\"christian-linke\" itemprop=\"image\"\/>\n\t\t\t<h2>Christian Linke<\/h2><h4>Projektbetreuer bei der TIS GmbH<\/h4>\n\t\t\t\t<p>Christian Linke betreut seit August 2017 betreut bei TIS Projekte im St\u00fcckgutverkehr und der Intralogistik.<\/p>\n\t\t\t<a href=\"https:\/\/www.logistik-telematik.de\/de\/webinar-referent-der-tis-gmbh-christian-linke\/\" title=\"Hier klicken\" target=\"_self\"   role=\"button\" aria-label=\"Mehr \u00fcber diesen Referenten\">\n\t\t\t\t\t\t\tMehr \u00fcber diesen Referenten\n\t\t<\/a>\n\t\t\t\t<img decoding=\"async\" src=\"https:\/\/www.logistik-telematik.de\/wp-content\/uploads\/2023\/06\/Bastian-Wehrmann-1.png\" alt=\"Webinar- Referent der TIS GmbH | Bastian Wehrmann\" title=\"Bastian-Wehrmann\" itemprop=\"image\"\/>\n\t\t\t<h2>Bastian Wehrmann<\/h2><h4>Projektleiter der TIS GmbH<\/h4>\n<p>Bastian Wehrmann arbeitet seit 2021 als Projektleiter bei der TIS GmbH. Er ist staatlich gepr\u00fcfter Handelsfachwirt mit Fachrichtung Handelslogistik und war \u00fcber zehn Jahre f\u00fcr ein internationales Unternehmen als Logistikleiter t\u00e4tig. Hier konnte er vor allem die praktische Seite der Logistik kennenlernen. Dadurch ist er nah am Kunden und kann sich gut in die jeweiligen Prozesse hineindenken.<\/p>\n\t\t\t<a href=\"https:\/\/www.logistik-telematik.de\/de\/webinar-referent-der-tis-gmbh-bastian-wehrmann\/\" title=\"Hier klicken\" target=\"_self\"   role=\"button\" aria-label=\"Mehr \u00fcber diesen Referenten\">\n\t\t\t\t\t\t\tMehr \u00fcber diesen Referenten\n\t\t<\/a>\n\t\t\t\t<img decoding=\"async\" src=\"https:\/\/www.logistik-telematik.de\/wp-content\/uploads\/2023\/06\/Matthias_Unland.png\" alt=\"Webinar- Referent der TIS GmbH | Matthias Unland\" title=\"Matthias_Unland\" itemprop=\"image\"\/>\n\t\t\t<h2>Matthias Unland<\/h2><h4>Vertrieb der TIS GmbH<\/h4>\n<p>Matthias Unland begann mit der Ausbildung zum Industriekaufmann seinen Weg bei der TIS GmbH.<br \/>Nach Abschluss der Ausbildung begann seine Laufbahn im Einkaufsteam. Hier sammelte er Erfahrung im Bereich der Hardware. Seit 2022 unterst\u00fctzt er das Vertriebsteam und bildet die Schnittstelle zur Verwaltung.<\/p>\n\t\t\t<a href=\"https:\/\/www.logistik-telematik.de\/de\/webinar-referent-der-tis-gmbh-matthias-unland\/\" title=\"Hier klicken\" target=\"_self\"   role=\"button\" aria-label=\"Mehr \u00fcber diesen Referenten\">\n\t\t\t\t\t\t\tMehr \u00fcber diesen Referenten\n\t\t<\/a>\n\n","protected":false},"excerpt":{"rendered":"<p>Josef Bielefeld Gr\u00fcnder der TIS GmbH Josef Bielefeld ist Gr\u00fcnder und Inhaber der TIS GmbH. Ende 2016 hat er die Gesch\u00e4ftsf\u00fchrung abgegeben und k\u00fcmmert sich seitdem beratend um die Dokumentation&hellip;<\/p>\n","protected":false},"author":1,"featured_media":0,"parent":0,"menu_order":0,"comment_status":"closed","ping_status":"closed","template":"tpl-sidebar.php","meta":{"footnotes":""},"class_list":["post-116","page","type-page","status-publish","hentry"],"yoast_head":"<!-- This site is optimized with the Yoast SEO plugin v27.5 - https:\/\/yoast.com\/product\/yoast-seo-wordpress\/ -->\n<title>Webinare und Schulungen der TIS GmbH | Unsere Webinar-Referenten<\/title>\n<meta name=\"description\" content=\"Webinare und Schulungen der TIS GmbH: Lernen Sie unsere Webinar-Referenten kennen und erfahren Sie mehr \u00fcber unsere Weiterbildungsangebote.\" \/>\n<meta name=\"robots\" content=\"index, follow, max-snippet:-1, max-image-preview:large, max-video-preview:-1\" \/>\n<link rel=\"canonical\" href=\"https:\/\/www.logistik-telematik.de\/de\/die-webinar-referenten\/\" \/>\n<meta property=\"og:locale\" content=\"de_DE\" \/>\n<meta property=\"og:type\" content=\"article\" \/>\n<meta property=\"og:title\" content=\"Webinare und Schulungen der TIS GmbH | Unsere Webinar-Referenten\" \/>\n<meta property=\"og:description\" content=\"Webinare und Schulungen der TIS GmbH: Lernen Sie unsere Webinar-Referenten kennen und erfahren Sie mehr \u00fcber unsere Weiterbildungsangebote.\" \/>\n<meta property=\"og:url\" content=\"https:\/\/www.logistik-telematik.de\/de\/die-webinar-referenten\/\" \/>\n<meta property=\"og:site_name\" content=\"Webinare und Schulungen der TIS GmbH\" \/>\n<meta property=\"article:modified_time\" content=\"2026-03-17T15:38:54+00:00\" \/>\n<meta property=\"og:image\" content=\"https:\/\/www.logistik-telematik.de\/wp-content\/uploads\/2023\/01\/josef-bielefeld2.png\" \/>\n<meta name=\"twitter:card\" content=\"summary_large_image\" \/>\n<meta name=\"twitter:label1\" content=\"Gesch\u00e4tzte Lesezeit\" \/>\n\t<meta name=\"twitter:data1\" content=\"1\u00a0Minute\" \/>\n<script type=\"application\/ld+json\" class=\"yoast-schema-graph\">{\"@context\":\"https:\\\/\\\/schema.org\",\"@graph\":[{\"@type\":\"WebPage\",\"@id\":\"https:\\\/\\\/www.logistik-telematik.de\\\/de\\\/die-webinar-referenten\\\/\",\"url\":\"https:\\\/\\\/www.logistik-telematik.de\\\/de\\\/die-webinar-referenten\\\/\",\"name\":\"Webinare und Schulungen der TIS GmbH | Unsere Webinar-Referenten\",\"isPartOf\":{\"@id\":\"https:\\\/\\\/www.logistik-telematik.de\\\/#website\"},\"primaryImageOfPage\":{\"@id\":\"https:\\\/\\\/www.logistik-telematik.de\\\/de\\\/die-webinar-referenten\\\/#primaryimage\"},\"image\":{\"@id\":\"https:\\\/\\\/www.logistik-telematik.de\\\/de\\\/die-webinar-referenten\\\/#primaryimage\"},\"thumbnailUrl\":\"https:\\\/\\\/www.logistik-telematik.de\\\/wp-content\\\/uploads\\\/2023\\\/01\\\/josef-bielefeld2.png\",\"datePublished\":\"2018-07-26T15:56:22+00:00\",\"dateModified\":\"2026-03-17T15:38:54+00:00\",\"description\":\"Webinare und Schulungen der TIS GmbH: Lernen Sie unsere Webinar-Referenten kennen und erfahren Sie mehr \u00fcber unsere Weiterbildungsangebote.\",\"breadcrumb\":{\"@id\":\"https:\\\/\\\/www.logistik-telematik.de\\\/de\\\/die-webinar-referenten\\\/#breadcrumb\"},\"inLanguage\":\"de\",\"potentialAction\":[{\"@type\":\"ReadAction\",\"target\":[\"https:\\\/\\\/www.logistik-telematik.de\\\/de\\\/die-webinar-referenten\\\/\"]}]},{\"@type\":\"ImageObject\",\"inLanguage\":\"de\",\"@id\":\"https:\\\/\\\/www.logistik-telematik.de\\\/de\\\/die-webinar-referenten\\\/#primaryimage\",\"url\":\"https:\\\/\\\/www.logistik-telematik.de\\\/wp-content\\\/uploads\\\/2023\\\/01\\\/josef-bielefeld2.png\",\"contentUrl\":\"https:\\\/\\\/www.logistik-telematik.de\\\/wp-content\\\/uploads\\\/2023\\\/01\\\/josef-bielefeld2.png\"},{\"@type\":\"BreadcrumbList\",\"@id\":\"https:\\\/\\\/www.logistik-telematik.de\\\/de\\\/die-webinar-referenten\\\/#breadcrumb\",\"itemListElement\":[{\"@type\":\"ListItem\",\"position\":1,\"name\":\"Home\",\"item\":\"https:\\\/\\\/www.logistik-telematik.de\\\/de\\\/\"},{\"@type\":\"ListItem\",\"position\":2,\"name\":\"Die Webinar-Referenten\"}]},{\"@type\":\"WebSite\",\"@id\":\"https:\\\/\\\/www.logistik-telematik.de\\\/#website\",\"url\":\"https:\\\/\\\/www.logistik-telematik.de\\\/\",\"name\":\"Webinare und Schulungen der TIS GmbH\",\"description\":\"My WordPress Blog\",\"potentialAction\":[{\"@type\":\"SearchAction\",\"target\":{\"@type\":\"EntryPoint\",\"urlTemplate\":\"https:\\\/\\\/www.logistik-telematik.de\\\/?s={search_term_string}\"},\"query-input\":{\"@type\":\"PropertyValueSpecification\",\"valueRequired\":true,\"valueName\":\"search_term_string\"}}],\"inLanguage\":\"de\"}]}<\/script>\n<!-- \/ Yoast SEO plugin. -->","yoast_head_json":{"title":"Webinare und Schulungen der TIS GmbH | Unsere Webinar-Referenten","description":"Webinare und Schulungen der TIS GmbH: Lernen Sie unsere Webinar-Referenten kennen und erfahren Sie mehr \u00fcber unsere Weiterbildungsangebote.","robots":{"index":"index","follow":"follow","max-snippet":"max-snippet:-1","max-image-preview":"max-image-preview:large","max-video-preview":"max-video-preview:-1"},"canonical":"https:\/\/www.logistik-telematik.de\/de\/die-webinar-referenten\/","og_locale":"de_DE","og_type":"article","og_title":"Webinare und Schulungen der TIS GmbH | Unsere Webinar-Referenten","og_description":"Webinare und Schulungen der TIS GmbH: Lernen Sie unsere Webinar-Referenten kennen und erfahren Sie mehr \u00fcber unsere Weiterbildungsangebote.","og_url":"https:\/\/www.logistik-telematik.de\/de\/die-webinar-referenten\/","og_site_name":"Webinare und Schulungen der TIS GmbH","article_modified_time":"2026-03-17T15:38:54+00:00","og_image":[{"url":"https:\/\/www.logistik-telematik.de\/wp-content\/uploads\/2023\/01\/josef-bielefeld2.png","type":"","width":"","height":""}],"twitter_card":"summary_large_image","twitter_misc":{"Gesch\u00e4tzte Lesezeit":"1\u00a0Minute"},"schema":{"@context":"https:\/\/schema.org","@graph":[{"@type":"WebPage","@id":"https:\/\/www.logistik-telematik.de\/de\/die-webinar-referenten\/","url":"https:\/\/www.logistik-telematik.de\/de\/die-webinar-referenten\/","name":"Webinare und Schulungen der TIS GmbH | Unsere Webinar-Referenten","isPartOf":{"@id":"https:\/\/www.logistik-telematik.de\/#website"},"primaryImageOfPage":{"@id":"https:\/\/www.logistik-telematik.de\/de\/die-webinar-referenten\/#primaryimage"},"image":{"@id":"https:\/\/www.logistik-telematik.de\/de\/die-webinar-referenten\/#primaryimage"},"thumbnailUrl":"https:\/\/www.logistik-telematik.de\/wp-content\/uploads\/2023\/01\/josef-bielefeld2.png","datePublished":"2018-07-26T15:56:22+00:00","dateModified":"2026-03-17T15:38:54+00:00","description":"Webinare und Schulungen der TIS GmbH: Lernen Sie unsere Webinar-Referenten kennen und erfahren Sie mehr \u00fcber unsere Weiterbildungsangebote.","breadcrumb":{"@id":"https:\/\/www.logistik-telematik.de\/de\/die-webinar-referenten\/#breadcrumb"},"inLanguage":"de","potentialAction":[{"@type":"ReadAction","target":["https:\/\/www.logistik-telematik.de\/de\/die-webinar-referenten\/"]}]},{"@type":"ImageObject","inLanguage":"de","@id":"https:\/\/www.logistik-telematik.de\/de\/die-webinar-referenten\/#primaryimage","url":"https:\/\/www.logistik-telematik.de\/wp-content\/uploads\/2023\/01\/josef-bielefeld2.png","contentUrl":"https:\/\/www.logistik-telematik.de\/wp-content\/uploads\/2023\/01\/josef-bielefeld2.png"},{"@type":"BreadcrumbList","@id":"https:\/\/www.logistik-telematik.de\/de\/die-webinar-referenten\/#breadcrumb","itemListElement":[{"@type":"ListItem","position":1,"name":"Home","item":"https:\/\/www.logistik-telematik.de\/de\/"},{"@type":"ListItem","position":2,"name":"Die Webinar-Referenten"}]},{"@type":"WebSite","@id":"https:\/\/www.logistik-telematik.de\/#website","url":"https:\/\/www.logistik-telematik.de\/","name":"Webinare und Schulungen der TIS GmbH","description":"My WordPress Blog","potentialAction":[{"@type":"SearchAction","target":{"@type":"EntryPoint","urlTemplate":"https:\/\/www.logistik-telematik.de\/?s={search_term_string}"},"query-input":{"@type":"PropertyValueSpecification","valueRequired":true,"valueName":"search_term_string"}}],"inLanguage":"de"}]}},"_links":{"self":[{"href":"https:\/\/www.logistik-telematik.de\/de\/wp-json\/wp\/v2\/pages\/116","targetHints":{"allow":["GET"]}}],"collection":[{"href":"https:\/\/www.logistik-telematik.de\/de\/wp-json\/wp\/v2\/pages"}],"about":[{"href":"https:\/\/www.logistik-telematik.de\/de\/wp-json\/wp\/v2\/types\/page"}],"author":[{"embeddable":true,"href":"https:\/\/www.logistik-telematik.de\/de\/wp-json\/wp\/v2\/users\/1"}],"replies":[{"embeddable":true,"href":"https:\/\/www.logistik-telematik.de\/de\/wp-json\/wp\/v2\/comments?post=116"}],"version-history":[{"count":28,"href":"https:\/\/www.logistik-telematik.de\/de\/wp-json\/wp\/v2\/pages\/116\/revisions"}],"predecessor-version":[{"id":5672,"href":"https:\/\/www.logistik-telematik.de\/de\/wp-json\/wp\/v2\/pages\/116\/revisions\/5672"}],"wp:attachment":[{"href":"https:\/\/www.logistik-telematik.de\/de\/wp-json\/wp\/v2\/media?parent=116"}],"curies":[{"name":"wp","href":"https:\/\/api.w.org\/{rel}","templated":true}]}}